{"id":1075,"date":"2025-02-10T12:42:42","date_gmt":"2025-02-10T12:42:42","guid":{"rendered":"https:\/\/www.vonfuerstenberg.com\/?page_id=1075"},"modified":"2025-03-10T13:57:04","modified_gmt":"2025-03-10T13:57:04","slug":"massgeschneiderte-raumgestaltung","status":"publish","type":"page","link":"https:\/\/www.vonfuerstenberg.com\/index.php\/massgeschneiderte-raumgestaltung\/","title":{"rendered":"Ma\u00dfgeschneiderte Raumgestaltung"},"content":{"rendered":"\t\t<div data-elementor-type=\"wp-page\" data-elementor-id=\"1075\" class=\"elementor elementor-1075\" data-elementor-post-type=\"page\">\n\t\t\t\t<div class=\"elementor-element elementor-element-ee649d2 e-flex e-con-boxed e-con e-parent\" data-id=\"ee649d2\" data-element_type=\"container\" data-e-type=\"container\" data-settings=\"{&quot;background_background&quot;:&quot;classic&quot;}\">\n\t\t\t\t\t<div class=\"e-con-inner\">\n\t\t<div class=\"elementor-element elementor-element-f323e35 e-flex e-con-boxed elementor-invisible e-con e-child\" data-id=\"f323e35\" data-element_type=\"container\" data-e-type=\"container\" data-settings=\"{&quot;background_background&quot;:&quot;classic&quot;,&quot;animation&quot;:&quot;fadeIn&quot;}\">\n\t\t\t\t\t<div class=\"e-con-inner\">\n\t\t<div class=\"elementor-element elementor-element-9ca90f0 e-flex e-con-boxed e-con e-child\" data-id=\"9ca90f0\" data-element_type=\"container\" data-e-type=\"container\">\n\t\t\t\t\t<div class=\"e-con-inner\">\n\t\t\t\t<div class=\"elementor-element elementor-element-a1d8179 elementor-widget__width-inherit elementor-widget elementor-widget-image\" data-id=\"a1d8179\" data-element_type=\"widget\" data-e-type=\"widget\" data-widget_type=\"image.default\">\n\t\t\t\t<div class=\"elementor-widget-container\">\n\t\t\t\t\t\t\t\t\t\t\t\t\t\t\t<img fetchpriority=\"high\" decoding=\"async\" width=\"800\" height=\"534\" src=\"https:\/\/www.vonfuerstenberg.com\/wp-content\/uploads\/2025\/02\/Parkimpressionen9_1000x667.jpg\" class=\"attachment-large size-large wp-image-1081\" alt=\"\" srcset=\"https:\/\/www.vonfuerstenberg.com\/wp-content\/uploads\/2025\/02\/Parkimpressionen9_1000x667.jpg 1000w, https:\/\/www.vonfuerstenberg.com\/wp-content\/uploads\/2025\/02\/Parkimpressionen9_1000x667-300x200.jpg 300w, https:\/\/www.vonfuerstenberg.com\/wp-content\/uploads\/2025\/02\/Parkimpressionen9_1000x667-768x512.jpg 768w\" sizes=\"(max-width: 800px) 100vw, 800px\" \/>\t\t\t\t\t\t\t\t\t\t\t\t\t\t\t<\/div>\n\t\t\t\t<\/div>\n\t\t\t\t\t<\/div>\n\t\t\t\t<\/div>\n\t\t<div class=\"elementor-element elementor-element-e89437a e-flex e-con-boxed e-con e-child\" data-id=\"e89437a\" data-element_type=\"container\" data-e-type=\"container\">\n\t\t\t\t\t<div class=\"e-con-inner\">\n\t\t\t\t<div class=\"elementor-element elementor-element-fa7a8fb elementor-widget elementor-widget-heading\" data-id=\"fa7a8fb\" data-element_type=\"widget\" data-e-type=\"widget\" data-widget_type=\"heading.default\">\n\t\t\t\t<div class=\"elementor-widget-container\">\n\t\t\t\t\t<h1 class=\"elementor-heading-title elementor-size-default\">Schloss Saareck\nG\u00e4stehaus<\/h1>\t\t\t\t<\/div>\n\t\t\t\t<\/div>\n\t\t\t\t<div class=\"elementor-element elementor-element-0b9c343 elementor-widget elementor-widget-text-editor\" data-id=\"0b9c343\" data-element_type=\"widget\" data-e-type=\"widget\" data-widget_type=\"text-editor.default\">\n\t\t\t\t<div class=\"elementor-widget-container\">\n\t\t\t\t\t\t\t\t\t<p class=\"p1\">Die Zimmer und die Atmosph\u00e4re des Schlosses lassen Ihren Aufenthalt zu etwas ganz Besonderem werden und bieten Ihnen somit genau das Richtige f\u00fcr den entspannten Ausklang eines ereignisreichen Tages.<\/p>\t\t\t\t\t\t\t\t<\/div>\n\t\t\t\t<\/div>\n\t\t\t\t\t<\/div>\n\t\t\t\t<\/div>\n\t\t\t\t\t<\/div>\n\t\t\t\t<\/div>\n\t\t\t\t\t<\/div>\n\t\t\t\t<\/div>\n\t\t<div class=\"elementor-element elementor-element-10bfcf2 e-flex e-con-boxed e-con e-parent\" data-id=\"10bfcf2\" data-element_type=\"container\" data-e-type=\"container\">\n\t\t\t\t\t<div class=\"e-con-inner\">\n\t\t<div class=\"elementor-element elementor-element-526ac47 e-con-full e-flex e-con e-child\" data-id=\"526ac47\" data-element_type=\"container\" data-e-type=\"container\">\n\t\t<div class=\"elementor-element elementor-element-1603d0a e-con-full e-flex e-con e-child\" data-id=\"1603d0a\" data-element_type=\"container\" data-e-type=\"container\" data-settings=\"{&quot;background_background&quot;:&quot;classic&quot;}\">\n\t\t\t\t<div class=\"elementor-element elementor-element-d5ad9b2 elementor-widget elementor-widget-image\" data-id=\"d5ad9b2\" data-element_type=\"widget\" data-e-type=\"widget\" data-widget_type=\"image.default\">\n\t\t\t\t<div class=\"elementor-widget-container\">\n\t\t\t\t\t\t\t\t\t\t\t\t\t\t\t<img decoding=\"async\" width=\"800\" height=\"534\" src=\"https:\/\/www.vonfuerstenberg.com\/wp-content\/uploads\/2025\/02\/Superior_Paris_1000x667.jpg\" class=\"attachment-large size-large wp-image-1082\" alt=\"\" srcset=\"https:\/\/www.vonfuerstenberg.com\/wp-content\/uploads\/2025\/02\/Superior_Paris_1000x667.jpg 1000w, https:\/\/www.vonfuerstenberg.com\/wp-content\/uploads\/2025\/02\/Superior_Paris_1000x667-300x200.jpg 300w, https:\/\/www.vonfuerstenberg.com\/wp-content\/uploads\/2025\/02\/Superior_Paris_1000x667-768x512.jpg 768w\" sizes=\"(max-width: 800px) 100vw, 800px\" \/>\t\t\t\t\t\t\t\t\t\t\t\t\t\t\t<\/div>\n\t\t\t\t<\/div>\n\t\t\t\t<div class=\"elementor-element elementor-element-eb20145 elementor-widget elementor-widget-text-editor\" data-id=\"eb20145\" data-element_type=\"widget\" data-e-type=\"widget\" data-widget_type=\"text-editor.default\">\n\t\t\t\t<div class=\"elementor-widget-container\">\n\t\t\t\t\t\t\t\t\t<p>Superior Paris<\/p>\t\t\t\t\t\t\t\t<\/div>\n\t\t\t\t<\/div>\n\t\t\t\t<\/div>\n\t\t<div class=\"elementor-element elementor-element-537182d e-con-full e-flex e-con e-child\" data-id=\"537182d\" data-element_type=\"container\" data-e-type=\"container\" data-settings=\"{&quot;background_background&quot;:&quot;classic&quot;}\">\n\t\t\t\t<div class=\"elementor-element elementor-element-63397bb elementor-widget elementor-widget-image\" data-id=\"63397bb\" data-element_type=\"widget\" data-e-type=\"widget\" data-widget_type=\"image.default\">\n\t\t\t\t<div class=\"elementor-widget-container\">\n\t\t\t\t\t\t\t\t\t\t\t\t\t\t\t<img decoding=\"async\" width=\"800\" height=\"534\" src=\"https:\/\/www.vonfuerstenberg.com\/wp-content\/uploads\/2025\/02\/Deluxe_Nice_1000x667.jpg\" class=\"attachment-large size-large wp-image-1079\" alt=\"\" srcset=\"https:\/\/www.vonfuerstenberg.com\/wp-content\/uploads\/2025\/02\/Deluxe_Nice_1000x667.jpg 1000w, https:\/\/www.vonfuerstenberg.com\/wp-content\/uploads\/2025\/02\/Deluxe_Nice_1000x667-300x200.jpg 300w, https:\/\/www.vonfuerstenberg.com\/wp-content\/uploads\/2025\/02\/Deluxe_Nice_1000x667-768x512.jpg 768w\" sizes=\"(max-width: 800px) 100vw, 800px\" \/>\t\t\t\t\t\t\t\t\t\t\t\t\t\t\t<\/div>\n\t\t\t\t<\/div>\n\t\t\t\t<div class=\"elementor-element elementor-element-fba8b99 elementor-widget elementor-widget-text-editor\" data-id=\"fba8b99\" data-element_type=\"widget\" data-e-type=\"widget\" data-widget_type=\"text-editor.default\">\n\t\t\t\t<div class=\"elementor-widget-container\">\n\t\t\t\t\t\t\t\t\t<p>Deluxe Nice<\/p>\t\t\t\t\t\t\t\t<\/div>\n\t\t\t\t<\/div>\n\t\t\t\t<\/div>\n\t\t\t\t<\/div>\n\t\t\t\t\t<\/div>\n\t\t\t\t<\/div>\n\t\t<div class=\"elementor-element elementor-element-353f78a e-flex e-con-boxed e-con e-parent\" data-id=\"353f78a\" data-element_type=\"container\" data-e-type=\"container\">\n\t\t\t\t\t<div class=\"e-con-inner\">\n\t\t<div class=\"elementor-element elementor-element-0e718f6 e-con-full e-flex e-con e-child\" data-id=\"0e718f6\" data-element_type=\"container\" data-e-type=\"container\">\n\t\t<div class=\"elementor-element elementor-element-25cb3c7 e-con-full e-flex e-con e-child\" data-id=\"25cb3c7\" data-element_type=\"container\" data-e-type=\"container\" data-settings=\"{&quot;background_background&quot;:&quot;classic&quot;}\">\n\t\t\t\t<div class=\"elementor-element elementor-element-108db27 elementor-widget elementor-widget-image\" data-id=\"108db27\" data-element_type=\"widget\" data-e-type=\"widget\" data-widget_type=\"image.default\">\n\t\t\t\t<div class=\"elementor-widget-container\">\n\t\t\t\t\t\t\t\t\t\t\t\t\t\t\t<img loading=\"lazy\" decoding=\"async\" width=\"800\" height=\"534\" src=\"https:\/\/www.vonfuerstenberg.com\/wp-content\/uploads\/2025\/02\/Deluxe_Cannes2_1000x667.jpg\" class=\"attachment-large size-large wp-image-1078\" alt=\"Deluxe Cannes\" srcset=\"https:\/\/www.vonfuerstenberg.com\/wp-content\/uploads\/2025\/02\/Deluxe_Cannes2_1000x667.jpg 1000w, https:\/\/www.vonfuerstenberg.com\/wp-content\/uploads\/2025\/02\/Deluxe_Cannes2_1000x667-300x200.jpg 300w, https:\/\/www.vonfuerstenberg.com\/wp-content\/uploads\/2025\/02\/Deluxe_Cannes2_1000x667-768x512.jpg 768w\" sizes=\"(max-width: 800px) 100vw, 800px\" \/>\t\t\t\t\t\t\t\t\t\t\t\t\t\t\t<\/div>\n\t\t\t\t<\/div>\n\t\t\t\t<div class=\"elementor-element elementor-element-6dde94b elementor-widget elementor-widget-text-editor\" data-id=\"6dde94b\" data-element_type=\"widget\" data-e-type=\"widget\" data-widget_type=\"text-editor.default\">\n\t\t\t\t<div class=\"elementor-widget-container\">\n\t\t\t\t\t\t\t\t\t<p>Deluxe Cannes<\/p>\t\t\t\t\t\t\t\t<\/div>\n\t\t\t\t<\/div>\n\t\t\t\t<\/div>\n\t\t<div class=\"elementor-element elementor-element-ee82832 e-con-full e-flex e-con e-child\" data-id=\"ee82832\" data-element_type=\"container\" data-e-type=\"container\" data-settings=\"{&quot;background_background&quot;:&quot;classic&quot;}\">\n\t\t\t\t<div class=\"elementor-element elementor-element-732c5de elementor-widget elementor-widget-image\" data-id=\"732c5de\" data-element_type=\"widget\" data-e-type=\"widget\" data-widget_type=\"image.default\">\n\t\t\t\t<div class=\"elementor-widget-container\">\n\t\t\t\t\t\t\t\t\t\t\t\t\t\t\t<img loading=\"lazy\" decoding=\"async\" width=\"800\" height=\"534\" src=\"https:\/\/www.vonfuerstenberg.com\/wp-content\/uploads\/2025\/02\/Foyer1_1000x667.jpg\" class=\"attachment-large size-large wp-image-1080\" alt=\"\" srcset=\"https:\/\/www.vonfuerstenberg.com\/wp-content\/uploads\/2025\/02\/Foyer1_1000x667.jpg 1000w, https:\/\/www.vonfuerstenberg.com\/wp-content\/uploads\/2025\/02\/Foyer1_1000x667-300x200.jpg 300w, https:\/\/www.vonfuerstenberg.com\/wp-content\/uploads\/2025\/02\/Foyer1_1000x667-768x512.jpg 768w\" sizes=\"(max-width: 800px) 100vw, 800px\" \/>\t\t\t\t\t\t\t\t\t\t\t\t\t\t\t<\/div>\n\t\t\t\t<\/div>\n\t\t\t\t<div class=\"elementor-element elementor-element-8539883 elementor-widget elementor-widget-text-editor\" data-id=\"8539883\" data-element_type=\"widget\" data-e-type=\"widget\" data-widget_type=\"text-editor.default\">\n\t\t\t\t<div class=\"elementor-widget-container\">\n\t\t\t\t\t\t\t\t\t<p>Foyer des Schloss Saareck<\/p>\t\t\t\t\t\t\t\t<\/div>\n\t\t\t\t<\/div>\n\t\t\t\t<\/div>\n\t\t\t\t<\/div>\n\t\t\t\t\t<\/div>\n\t\t\t\t<\/div>\n\t\t<div class=\"elementor-element elementor-element-64d8cd7 e-flex e-con-boxed e-con e-parent\" data-id=\"64d8cd7\" data-element_type=\"container\" data-e-type=\"container\">\n\t\t\t\t\t<div class=\"e-con-inner\">\n\t\t\t\t<div class=\"elementor-element elementor-element-1a9d3a7 elementor-widget elementor-widget-text-editor\" data-id=\"1a9d3a7\" data-element_type=\"widget\" data-e-type=\"widget\" data-widget_type=\"text-editor.default\">\n\t\t\t\t<div class=\"elementor-widget-container\">\n\t\t\t\t\t\t\t\t\t<h3>Historie<\/h3><p class=\"p1\">Schloss Saareck hat eine bewegte Geschichte hinter sich. W\u00e4hrend des zweiten Weltkrieges wurde es zeitweise als Lazarett genutzt, sp\u00e4ter als Verwaltungsgeb\u00e4ude und schlussendlich 1954 als G\u00e4stehaus der bekannten Marke Villeroy &amp; Boch.\u00a0<\/p>\t\t\t\t\t\t\t\t<\/div>\n\t\t\t\t<\/div>\n\t\t\t\t<div class=\"elementor-element elementor-element-2875c66 elementor-mobile-align-left elementor-widget elementor-widget-button\" data-id=\"2875c66\" data-element_type=\"widget\" data-e-type=\"widget\" data-widget_type=\"button.default\">\n\t\t\t\t<div class=\"elementor-widget-container\">\n\t\t\t\t\t\t\t\t\t<div class=\"elementor-button-wrapper\">\n\t\t\t\t\t<a class=\"elementor-button elementor-button-link elementor-size-sm\" href=\"https:\/\/www.vonfuerstenberg.com\/index.php\/kontakt\/\">\n\t\t\t\t\t\t<span class=\"elementor-button-content-wrapper\">\n\t\t\t\t\t\t\t\t\t<span class=\"elementor-button-text\">Kontakt<\/span>\n\t\t\t\t\t<\/span>\n\t\t\t\t\t<\/a>\n\t\t\t\t<\/div>\n\t\t\t\t\t\t\t\t<\/div>\n\t\t\t\t<\/div>\n\t\t\t\t\t<\/div>\n\t\t\t\t<\/div>\n\t\t\t\t<\/div>\n\t\t","protected":false},"excerpt":{"rendered":"<p>Schloss Saareck G\u00e4stehaus Die Zimmer und die Atmosph\u00e4re des Schlosses lassen Ihren Aufenthalt zu etwas ganz Besonderem werden und bieten Ihnen somit genau das Richtige f\u00fcr den entspannten Ausklang eines ereignisreichen Tages. Superior Paris Deluxe Nice Deluxe Cannes Foyer des Schloss Saareck Historie Schloss Saareck hat eine bewegte Geschichte hinter sich. W\u00e4hrend des zweiten Weltkrieges [&hellip;]<\/p>\n","protected":false},"author":1,"featured_media":0,"parent":0,"menu_order":0,"comment_status":"closed","ping_status":"closed","template":"","meta":{"footnotes":""},"class_list":["post-1075","page","type-page","status-publish","hentry"],"_links":{"self":[{"href":"https:\/\/www.vonfuerstenberg.com\/index.php\/wp-json\/wp\/v2\/pages\/1075","targetHints":{"allow":["GET"]}}],"collection":[{"href":"https:\/\/www.vonfuerstenberg.com\/index.php\/wp-json\/wp\/v2\/pages"}],"about":[{"href":"https:\/\/www.vonfuerstenberg.com\/index.php\/wp-json\/wp\/v2\/types\/page"}],"author":[{"embeddable":true,"href":"https:\/\/www.vonfuerstenberg.com\/index.php\/wp-json\/wp\/v2\/users\/1"}],"replies":[{"embeddable":true,"href":"https:\/\/www.vonfuerstenberg.com\/index.php\/wp-json\/wp\/v2\/comments?post=1075"}],"version-history":[{"count":54,"href":"https:\/\/www.vonfuerstenberg.com\/index.php\/wp-json\/wp\/v2\/pages\/1075\/revisions"}],"predecessor-version":[{"id":1154,"href":"https:\/\/www.vonfuerstenberg.com\/index.php\/wp-json\/wp\/v2\/pages\/1075\/revisions\/1154"}],"wp:attachment":[{"href":"https:\/\/www.vonfuerstenberg.com\/index.php\/wp-json\/wp\/v2\/media?parent=1075"}],"curies":[{"name":"wp","href":"https:\/\/api.w.org\/{rel}","templated":true}]}}