{"id":210,"date":"2025-01-20T14:09:50","date_gmt":"2025-01-20T14:09:50","guid":{"rendered":"https:\/\/www.vonfuerstenberg.com\/?page_id=210"},"modified":"2025-01-23T11:23:50","modified_gmt":"2025-01-23T11:23:50","slug":"biografie","status":"publish","type":"page","link":"https:\/\/www.vonfuerstenberg.com\/index.php\/biografie\/","title":{"rendered":"Biografie"},"content":{"rendered":"\t\t<div data-elementor-type=\"wp-page\" data-elementor-id=\"210\" class=\"elementor elementor-210\" data-elementor-post-type=\"page\">\n\t\t\t\t<div class=\"elementor-element elementor-element-51eeaf5 e-flex e-con-boxed e-con e-parent\" data-id=\"51eeaf5\" data-element_type=\"container\" data-e-type=\"container\" data-settings=\"{&quot;background_background&quot;:&quot;classic&quot;}\">\n\t\t\t\t\t<div class=\"e-con-inner\">\n\t\t<div class=\"elementor-element elementor-element-454534d e-flex e-con-boxed elementor-invisible e-con e-child\" data-id=\"454534d\" data-element_type=\"container\" data-e-type=\"container\" data-settings=\"{&quot;background_background&quot;:&quot;classic&quot;,&quot;animation&quot;:&quot;fadeIn&quot;}\">\n\t\t\t\t\t<div class=\"e-con-inner\">\n\t\t<div class=\"elementor-element elementor-element-a3324b6 e-flex e-con-boxed e-con e-child\" data-id=\"a3324b6\" data-element_type=\"container\" data-e-type=\"container\">\n\t\t\t\t\t<div class=\"e-con-inner\">\n\t\t\t\t<div class=\"elementor-element elementor-element-6e785b1 elementor-widget__width-inherit elementor-widget elementor-widget-image\" data-id=\"6e785b1\" data-element_type=\"widget\" data-e-type=\"widget\" data-widget_type=\"image.default\">\n\t\t\t\t<div class=\"elementor-widget-container\">\n\t\t\t\t\t\t\t\t\t\t\t\t\t\t\t<img fetchpriority=\"high\" decoding=\"async\" width=\"800\" height=\"600\" src=\"https:\/\/www.vonfuerstenberg.com\/wp-content\/uploads\/2025\/01\/Biografie.jpg\" class=\"attachment-large size-large wp-image-213\" alt=\"\" srcset=\"https:\/\/www.vonfuerstenberg.com\/wp-content\/uploads\/2025\/01\/Biografie.jpg 800w, https:\/\/www.vonfuerstenberg.com\/wp-content\/uploads\/2025\/01\/Biografie-300x225.jpg 300w, https:\/\/www.vonfuerstenberg.com\/wp-content\/uploads\/2025\/01\/Biografie-768x576.jpg 768w\" sizes=\"(max-width: 800px) 100vw, 800px\" \/>\t\t\t\t\t\t\t\t\t\t\t\t\t\t\t<\/div>\n\t\t\t\t<\/div>\n\t\t\t\t\t<\/div>\n\t\t\t\t<\/div>\n\t\t<div class=\"elementor-element elementor-element-a51140d e-flex e-con-boxed e-con e-child\" data-id=\"a51140d\" data-element_type=\"container\" data-e-type=\"container\">\n\t\t\t\t\t<div class=\"e-con-inner\">\n\t\t\t\t<div class=\"elementor-element elementor-element-9192a0b elementor-widget elementor-widget-heading\" data-id=\"9192a0b\" data-element_type=\"widget\" data-e-type=\"widget\" data-widget_type=\"heading.default\">\n\t\t\t\t<div class=\"elementor-widget-container\">\n\t\t\t\t\t<h1 class=\"elementor-heading-title elementor-size-default\">Biografie<\/h1>\t\t\t\t<\/div>\n\t\t\t\t<\/div>\n\t\t<div class=\"elementor-element elementor-element-e44482d e-con-full e-flex e-con e-child\" data-id=\"e44482d\" data-element_type=\"container\" data-e-type=\"container\">\n\t\t\t\t<div class=\"elementor-element elementor-element-d5a43b9 elementor-widget elementor-widget-text-editor\" data-id=\"d5a43b9\" data-element_type=\"widget\" data-e-type=\"widget\" data-widget_type=\"text-editor.default\">\n\t\t\t\t<div class=\"elementor-widget-container\">\n\t\t\t\t\t\t\t\t\t<p>\u201eMeine Bilder sind geleitet von meinen Gef\u00fchlen, denn ich male was mir meine Seele erz\u00e4hlt. Ich m\u00f6chte die ungez\u00fcgelte Freiheit und Freude des Lebens schm\u00fccken.\u201c<\/p>\t\t\t\t\t\t\t\t<\/div>\n\t\t\t\t<\/div>\n\t\t\t\t<div class=\"elementor-element elementor-element-13658c4 elementor-widget elementor-widget-text-editor\" data-id=\"13658c4\" data-element_type=\"widget\" data-e-type=\"widget\" data-widget_type=\"text-editor.default\">\n\t\t\t\t<div class=\"elementor-widget-container\">\n\t\t\t\t\t\t\t\t\t<p><em>Stephany von F\u00fcrstenberg<\/em><\/p>\t\t\t\t\t\t\t\t<\/div>\n\t\t\t\t<\/div>\n\t\t\t\t<\/div>\n\t\t\t\t\t<\/div>\n\t\t\t\t<\/div>\n\t\t\t\t\t<\/div>\n\t\t\t\t<\/div>\n\t\t\t\t\t<\/div>\n\t\t\t\t<\/div>\n\t\t<div class=\"elementor-element elementor-element-85c7399 e-flex e-con-boxed e-con e-parent\" data-id=\"85c7399\" data-element_type=\"container\" data-e-type=\"container\">\n\t\t\t\t\t<div class=\"e-con-inner\">\n\t\t<div class=\"elementor-element elementor-element-2378ead e-con-full e-flex e-con e-child\" data-id=\"2378ead\" data-element_type=\"container\" data-e-type=\"container\">\n\t\t\t\t<div class=\"elementor-element elementor-element-1f9789a elementor-widget elementor-widget-heading\" data-id=\"1f9789a\" data-element_type=\"widget\" data-e-type=\"widget\" data-widget_type=\"heading.default\">\n\t\t\t\t<div class=\"elementor-widget-container\">\n\t\t\t\t\t<h3 class=\"elementor-heading-title elementor-size-default\">Kreativit\u00e4t aus der Natur<\/h3>\t\t\t\t<\/div>\n\t\t\t\t<\/div>\n\t\t\t\t<div class=\"elementor-element elementor-element-cf3810a elementor-widget elementor-widget-text-editor\" data-id=\"cf3810a\" data-element_type=\"widget\" data-e-type=\"widget\" data-widget_type=\"text-editor.default\">\n\t\t\t\t<div class=\"elementor-widget-container\">\n\t\t\t\t\t\t\t\t\t<p>Stephany von F\u00fcrstenberg wird in Donzdorf, Baden-W\u00fcrttemberg geboren. Die l\u00e4ndliche Atmosph\u00e4re und die N\u00e4he zur Natur schenken ihr eine unbeschwerte Kindheit. Schon im fr\u00fchen Kindesalter f\u00e4llt ihr phantasievolles Wesen auf und sie beginnt mit 5 Jahren, zu malen und ihre Umwelt zu schm\u00fccken. Ihre Kreativit\u00e4t und intuitives Gesp\u00fcr f\u00fcr Farben bringt sie sp\u00e4ter in den Entwurf der Kollektion im v\u00e4terlichen Betrieb, der Textilfabrik Benedikt von F\u00fcrstenberg in G\u00f6ppingen, ein. Stephany von F\u00fcrstenberg heiratet und zieht nach Z\u00fcrich, wo sie mehr als 40 Jahre lebte. Vor kurzem ist sie wieder in ihr Heimatland zur\u00fcckgekehrt und lebt jetzt in der N\u00e4he von M\u00fcnchen.<\/p>\t\t\t\t\t\t\t\t<\/div>\n\t\t\t\t<\/div>\n\t\t\t\t<\/div>\n\t\t<div class=\"elementor-element elementor-element-ae4babd e-con-full e-flex e-con e-child\" data-id=\"ae4babd\" data-element_type=\"container\" data-e-type=\"container\">\n\t\t\t\t<div class=\"elementor-element elementor-element-8a9203b elementor-widget elementor-widget-image\" data-id=\"8a9203b\" data-element_type=\"widget\" data-e-type=\"widget\" data-widget_type=\"image.default\">\n\t\t\t\t<div class=\"elementor-widget-container\">\n\t\t\t\t\t\t\t\t\t\t\t\t\t\t\t<img decoding=\"async\" width=\"600\" height=\"800\" src=\"https:\/\/www.vonfuerstenberg.com\/wp-content\/uploads\/2025\/01\/Biografie-1.jpg\" class=\"attachment-large size-large wp-image-229\" alt=\"\" srcset=\"https:\/\/www.vonfuerstenberg.com\/wp-content\/uploads\/2025\/01\/Biografie-1.jpg 600w, https:\/\/www.vonfuerstenberg.com\/wp-content\/uploads\/2025\/01\/Biografie-1-225x300.jpg 225w\" sizes=\"(max-width: 600px) 100vw, 600px\" \/>\t\t\t\t\t\t\t\t\t\t\t\t\t\t\t<\/div>\n\t\t\t\t<\/div>\n\t\t\t\t<\/div>\n\t\t\t\t\t<\/div>\n\t\t\t\t<\/div>\n\t\t<div class=\"elementor-element elementor-element-f4aa33c e-flex e-con-boxed e-con e-parent\" data-id=\"f4aa33c\" data-element_type=\"container\" data-e-type=\"container\">\n\t\t\t\t\t<div class=\"e-con-inner\">\n\t\t<div class=\"elementor-element elementor-element-c4c1432 e-con-full e-flex e-con e-child\" data-id=\"c4c1432\" data-element_type=\"container\" data-e-type=\"container\">\n\t\t\t\t<div class=\"elementor-element elementor-element-6dfd8fd elementor-widget elementor-widget-image\" data-id=\"6dfd8fd\" data-element_type=\"widget\" data-e-type=\"widget\" data-widget_type=\"image.default\">\n\t\t\t\t<div class=\"elementor-widget-container\">\n\t\t\t\t\t\t\t\t\t\t\t\t\t\t\t<img decoding=\"async\" width=\"800\" height=\"600\" src=\"https:\/\/www.vonfuerstenberg.com\/wp-content\/uploads\/2025\/01\/Biografie-2.jpg\" class=\"attachment-large size-large wp-image-230\" alt=\"\" srcset=\"https:\/\/www.vonfuerstenberg.com\/wp-content\/uploads\/2025\/01\/Biografie-2.jpg 800w, https:\/\/www.vonfuerstenberg.com\/wp-content\/uploads\/2025\/01\/Biografie-2-300x225.jpg 300w, https:\/\/www.vonfuerstenberg.com\/wp-content\/uploads\/2025\/01\/Biografie-2-768x576.jpg 768w\" sizes=\"(max-width: 800px) 100vw, 800px\" \/>\t\t\t\t\t\t\t\t\t\t\t\t\t\t\t<\/div>\n\t\t\t\t<\/div>\n\t\t\t\t<\/div>\n\t\t<div class=\"elementor-element elementor-element-d4d75de e-con-full e-flex e-con e-child\" data-id=\"d4d75de\" data-element_type=\"container\" data-e-type=\"container\">\n\t\t\t\t<div class=\"elementor-element elementor-element-f2d911a elementor-widget elementor-widget-heading\" data-id=\"f2d911a\" data-element_type=\"widget\" data-e-type=\"widget\" data-widget_type=\"heading.default\">\n\t\t\t\t<div class=\"elementor-widget-container\">\n\t\t\t\t\t<h3 class=\"elementor-heading-title elementor-size-default\">Neubeginn in Farben<\/h3>\t\t\t\t<\/div>\n\t\t\t\t<\/div>\n\t\t\t\t<div class=\"elementor-element elementor-element-a4c7470 elementor-widget elementor-widget-text-editor\" data-id=\"a4c7470\" data-element_type=\"widget\" data-e-type=\"widget\" data-widget_type=\"text-editor.default\">\n\t\t\t\t<div class=\"elementor-widget-container\">\n\t\t\t\t\t\t\t\t\t<p>Der pl\u00f6tzliche Tod ihres Mannes bringt die Wende in ihr Leben. Sie verl\u00e4sst die Textilwelt und findet zu ihren k\u00fcnstlerischen Wurzeln zur\u00fcck. Reisen f\u00fchren sie unter anderem nach Indien, China und St. Petersburg. In der Malerei entdeckt sie ihre eigene Welt. Ihre Bildersprache hat eine klare Farbigkeit und hohe Form\u00e4sthetik. Kraftvoll und hauchzart sind die Farben ihrer Kunst. Bald finden sich ihre Motive auf Kunstkarten der Reiterkunstverlag AG Z\u00fcrich.<\/p>\t\t\t\t\t\t\t\t<\/div>\n\t\t\t\t<\/div>\n\t\t\t\t<\/div>\n\t\t\t\t\t<\/div>\n\t\t\t\t<\/div>\n\t\t<div class=\"elementor-element elementor-element-0d9e377 e-flex e-con-boxed e-con e-parent\" data-id=\"0d9e377\" data-element_type=\"container\" data-e-type=\"container\">\n\t\t\t\t\t<div class=\"e-con-inner\">\n\t\t<div class=\"elementor-element elementor-element-bce7498 e-con-full e-flex e-con e-child\" data-id=\"bce7498\" data-element_type=\"container\" data-e-type=\"container\">\n\t\t\t\t<div class=\"elementor-element elementor-element-6998b9b elementor-widget elementor-widget-heading\" data-id=\"6998b9b\" data-element_type=\"widget\" data-e-type=\"widget\" data-widget_type=\"heading.default\">\n\t\t\t\t<div class=\"elementor-widget-container\">\n\t\t\t\t\t<h3 class=\"elementor-heading-title elementor-size-default\">Kunstvolle Schmuckkreationen<\/h3>\t\t\t\t<\/div>\n\t\t\t\t<\/div>\n\t\t\t\t<div class=\"elementor-element elementor-element-317609c elementor-widget elementor-widget-text-editor\" data-id=\"317609c\" data-element_type=\"widget\" data-e-type=\"widget\" data-widget_type=\"text-editor.default\">\n\t\t\t\t<div class=\"elementor-widget-container\">\n\t\t\t\t\t\t\t\t\t<p>Mit dem M\u00fcnchener Juwelier Stephan Kaddick kreiert sie Schmuck. F\u00fcr jedes Schmuckst\u00fcck malt sie ein eigenes Bild. Es wird befreit aus Schatulle und Safe und kann so als Gesamtkunstwerk leben.<\/p><p>Bei Stefan Lubczyk, Tovaletto, Designideen M\u00fcnchen sind die Bilder ausgestellt. Anna Boch (1848 &#8211; 1936), eine Vorfahrin m\u00fctterlicherseits aus der Familie von Boch (Villeroy &amp; Boch), scheint ihr die Sympathie zur Malerei und den Blick f\u00fcr Farben weitergegeben zu haben.<\/p>\t\t\t\t\t\t\t\t<\/div>\n\t\t\t\t<\/div>\n\t\t\t\t<\/div>\n\t\t<div class=\"elementor-element elementor-element-dd00910 e-con-full e-flex e-con e-child\" data-id=\"dd00910\" data-element_type=\"container\" data-e-type=\"container\">\n\t\t\t\t<div class=\"elementor-element elementor-element-44e8df4 elementor-widget elementor-widget-image\" data-id=\"44e8df4\" data-element_type=\"widget\" data-e-type=\"widget\" data-widget_type=\"image.default\">\n\t\t\t\t<div class=\"elementor-widget-container\">\n\t\t\t\t\t\t\t\t\t\t\t\t\t\t\t<img loading=\"lazy\" decoding=\"async\" width=\"600\" height=\"800\" src=\"https:\/\/www.vonfuerstenberg.com\/wp-content\/uploads\/2025\/01\/Biografie-3.jpg\" class=\"attachment-large size-large wp-image-231\" alt=\"\" srcset=\"https:\/\/www.vonfuerstenberg.com\/wp-content\/uploads\/2025\/01\/Biografie-3.jpg 600w, https:\/\/www.vonfuerstenberg.com\/wp-content\/uploads\/2025\/01\/Biografie-3-225x300.jpg 225w\" sizes=\"(max-width: 600px) 100vw, 600px\" \/>\t\t\t\t\t\t\t\t\t\t\t\t\t\t\t<\/div>\n\t\t\t\t<\/div>\n\t\t\t\t<\/div>\n\t\t\t\t\t<\/div>\n\t\t\t\t<\/div>\n\t\t<div class=\"elementor-element elementor-element-1c817bd e-flex e-con-boxed e-con e-parent\" data-id=\"1c817bd\" data-element_type=\"container\" data-e-type=\"container\">\n\t\t\t\t\t<div class=\"e-con-inner\">\n\t\t\t\t<div class=\"elementor-element elementor-element-0944945 elementor-widget elementor-widget-gallery\" data-id=\"0944945\" data-element_type=\"widget\" data-e-type=\"widget\" data-settings=\"{&quot;gallery_layout&quot;:&quot;masonry&quot;,&quot;lazyload&quot;:&quot;yes&quot;,&quot;columns&quot;:4,&quot;columns_tablet&quot;:2,&quot;columns_mobile&quot;:1,&quot;gap&quot;:{&quot;unit&quot;:&quot;px&quot;,&quot;size&quot;:10,&quot;sizes&quot;:[]},&quot;gap_tablet&quot;:{&quot;unit&quot;:&quot;px&quot;,&quot;size&quot;:10,&quot;sizes&quot;:[]},&quot;gap_mobile&quot;:{&quot;unit&quot;:&quot;px&quot;,&quot;size&quot;:10,&quot;sizes&quot;:[]},&quot;link_to&quot;:&quot;file&quot;,&quot;overlay_background&quot;:&quot;yes&quot;,&quot;content_hover_animation&quot;:&quot;fade-in&quot;}\" data-widget_type=\"gallery.default\">\n\t\t\t\t<div class=\"elementor-widget-container\">\n\t\t\t\t\t\t\t<div class=\"elementor-gallery__container\">\n\t\t\t\t\t\t\t<a class=\"e-gallery-item elementor-gallery-item elementor-animated-content\" href=\"https:\/\/www.vonfuerstenberg.com\/wp-content\/uploads\/2025\/01\/DSC_8527-scaled-e1737471696425.jpg\" data-elementor-open-lightbox=\"yes\" data-elementor-lightbox-slideshow=\"0944945\" data-elementor-lightbox-title=\"DSC_8527\" data-e-action-hash=\"#elementor-action%3Aaction%3Dlightbox%26settings%3DeyJpZCI6NTE0LCJ1cmwiOiJodHRwczpcL1wvd3d3LnZvbmZ1ZXJzdGVuYmVyZy5jb21cL3dwLWNvbnRlbnRcL3VwbG9hZHNcLzIwMjVcLzAxXC9EU0NfODUyNy1zY2FsZWQtZTE3Mzc0NzE2OTY0MjUuanBnIiwic2xpZGVzaG93IjoiMDk0NDk0NSJ9\">\n\t\t\t\t\t<div class=\"e-gallery-image elementor-gallery-item__image\" data-thumbnail=\"https:\/\/www.vonfuerstenberg.com\/wp-content\/uploads\/2025\/01\/DSC_8527-scaled-e1737471696425-295x300.jpg\" data-width=\"295\" data-height=\"300\" aria-label=\"\" role=\"img\" ><\/div>\n\t\t\t\t\t\t\t\t\t\t\t<div class=\"elementor-gallery-item__overlay\"><\/div>\n\t\t\t\t\t\t\t\t\t\t\t\t\t\t<\/a>\n\t\t\t\t\t\t\t<a class=\"e-gallery-item elementor-gallery-item elementor-animated-content\" href=\"https:\/\/www.vonfuerstenberg.com\/wp-content\/uploads\/2025\/01\/gauting-3.webp\" data-elementor-open-lightbox=\"yes\" data-elementor-lightbox-slideshow=\"0944945\" data-elementor-lightbox-title=\"gauting-3\" data-e-action-hash=\"#elementor-action%3Aaction%3Dlightbox%26settings%3DeyJpZCI6ODQ5LCJ1cmwiOiJodHRwczpcL1wvd3d3LnZvbmZ1ZXJzdGVuYmVyZy5jb21cL3dwLWNvbnRlbnRcL3VwbG9hZHNcLzIwMjVcLzAxXC9nYXV0aW5nLTMud2VicCIsInNsaWRlc2hvdyI6IjA5NDQ5NDUifQ%3D%3D\">\n\t\t\t\t\t<div class=\"e-gallery-image elementor-gallery-item__image\" data-thumbnail=\"https:\/\/www.vonfuerstenberg.com\/wp-content\/uploads\/2025\/01\/gauting-3-300x222.webp\" data-width=\"300\" data-height=\"222\" aria-label=\"\" role=\"img\" ><\/div>\n\t\t\t\t\t\t\t\t\t\t\t<div class=\"elementor-gallery-item__overlay\"><\/div>\n\t\t\t\t\t\t\t\t\t\t\t\t\t\t<\/a>\n\t\t\t\t\t\t\t<a class=\"e-gallery-item elementor-gallery-item elementor-animated-content\" href=\"https:\/\/www.vonfuerstenberg.com\/wp-content\/uploads\/2025\/01\/vernisage-stefanievonfuerstenberg-1600-1.jpg\" data-elementor-open-lightbox=\"yes\" data-elementor-lightbox-slideshow=\"0944945\" data-elementor-lightbox-title=\"vernisage-stefanievonfuerstenberg-1600-1\" data-e-action-hash=\"#elementor-action%3Aaction%3Dlightbox%26settings%3DeyJpZCI6NjEyLCJ1cmwiOiJodHRwczpcL1wvd3d3LnZvbmZ1ZXJzdGVuYmVyZy5jb21cL3dwLWNvbnRlbnRcL3VwbG9hZHNcLzIwMjVcLzAxXC92ZXJuaXNhZ2Utc3RlZmFuaWV2b25mdWVyc3RlbmJlcmctMTYwMC0xLmpwZyIsInNsaWRlc2hvdyI6IjA5NDQ5NDUifQ%3D%3D\">\n\t\t\t\t\t<div class=\"e-gallery-image elementor-gallery-item__image\" data-thumbnail=\"https:\/\/www.vonfuerstenberg.com\/wp-content\/uploads\/2025\/01\/vernisage-stefanievonfuerstenberg-1600-1-300x200.jpg\" data-width=\"300\" data-height=\"200\" aria-label=\"\" role=\"img\" ><\/div>\n\t\t\t\t\t\t\t\t\t\t\t<div class=\"elementor-gallery-item__overlay\"><\/div>\n\t\t\t\t\t\t\t\t\t\t\t\t\t\t<\/a>\n\t\t\t\t\t\t\t<a class=\"e-gallery-item elementor-gallery-item elementor-animated-content\" href=\"https:\/\/www.vonfuerstenberg.com\/wp-content\/uploads\/2025\/01\/stephanie_von_furstenberg_kunst.jpeg\" data-elementor-open-lightbox=\"yes\" data-elementor-lightbox-slideshow=\"0944945\" data-elementor-lightbox-title=\"stephanie_von_furstenberg_kunst\" data-e-action-hash=\"#elementor-action%3Aaction%3Dlightbox%26settings%3DeyJpZCI6NjEzLCJ1cmwiOiJodHRwczpcL1wvd3d3LnZvbmZ1ZXJzdGVuYmVyZy5jb21cL3dwLWNvbnRlbnRcL3VwbG9hZHNcLzIwMjVcLzAxXC9zdGVwaGFuaWVfdm9uX2Z1cnN0ZW5iZXJnX2t1bnN0LmpwZWciLCJzbGlkZXNob3ciOiIwOTQ0OTQ1In0%3D\">\n\t\t\t\t\t<div class=\"e-gallery-image elementor-gallery-item__image\" data-thumbnail=\"https:\/\/www.vonfuerstenberg.com\/wp-content\/uploads\/2025\/01\/stephanie_von_furstenberg_kunst-300x225.jpeg\" data-width=\"300\" data-height=\"225\" aria-label=\"\" role=\"img\" ><\/div>\n\t\t\t\t\t\t\t\t\t\t\t<div class=\"elementor-gallery-item__overlay\"><\/div>\n\t\t\t\t\t\t\t\t\t\t\t\t\t\t<\/a>\n\t\t\t\t\t\t\t<a class=\"e-gallery-item elementor-gallery-item elementor-animated-content\" href=\"https:\/\/www.vonfuerstenberg.com\/wp-content\/uploads\/2024\/12\/DSC_6549.webp\" data-elementor-open-lightbox=\"yes\" data-elementor-lightbox-slideshow=\"0944945\" data-elementor-lightbox-title=\"DSC_6549\" data-e-action-hash=\"#elementor-action%3Aaction%3Dlightbox%26settings%3DeyJpZCI6NDQ5LCJ1cmwiOiJodHRwczpcL1wvd3d3LnZvbmZ1ZXJzdGVuYmVyZy5jb21cL3dwLWNvbnRlbnRcL3VwbG9hZHNcLzIwMjRcLzEyXC9EU0NfNjU0OS53ZWJwIiwic2xpZGVzaG93IjoiMDk0NDk0NSJ9\">\n\t\t\t\t\t<div class=\"e-gallery-image elementor-gallery-item__image\" data-thumbnail=\"https:\/\/www.vonfuerstenberg.com\/wp-content\/uploads\/2024\/12\/DSC_6549-200x300.webp\" data-width=\"200\" data-height=\"300\" aria-label=\"\" role=\"img\" ><\/div>\n\t\t\t\t\t\t\t\t\t\t\t<div class=\"elementor-gallery-item__overlay\"><\/div>\n\t\t\t\t\t\t\t\t\t\t\t\t\t\t<\/a>\n\t\t\t\t\t\t\t<a class=\"e-gallery-item elementor-gallery-item elementor-animated-content\" href=\"https:\/\/www.vonfuerstenberg.com\/wp-content\/uploads\/2025\/01\/Biografie.jpg\" data-elementor-open-lightbox=\"yes\" data-elementor-lightbox-slideshow=\"0944945\" data-elementor-lightbox-title=\"Biografie\" data-e-action-hash=\"#elementor-action%3Aaction%3Dlightbox%26settings%3DeyJpZCI6MjEzLCJ1cmwiOiJodHRwczpcL1wvd3d3LnZvbmZ1ZXJzdGVuYmVyZy5jb21cL3dwLWNvbnRlbnRcL3VwbG9hZHNcLzIwMjVcLzAxXC9CaW9ncmFmaWUuanBnIiwic2xpZGVzaG93IjoiMDk0NDk0NSJ9\">\n\t\t\t\t\t<div class=\"e-gallery-image elementor-gallery-item__image\" data-thumbnail=\"https:\/\/www.vonfuerstenberg.com\/wp-content\/uploads\/2025\/01\/Biografie-300x225.jpg\" data-width=\"300\" data-height=\"225\" aria-label=\"\" role=\"img\" ><\/div>\n\t\t\t\t\t\t\t\t\t\t\t<div class=\"elementor-gallery-item__overlay\"><\/div>\n\t\t\t\t\t\t\t\t\t\t\t\t\t\t<\/a>\n\t\t\t\t\t\t\t<a class=\"e-gallery-item elementor-gallery-item elementor-animated-content\" href=\"https:\/\/www.vonfuerstenberg.com\/wp-content\/uploads\/2024\/12\/DSC_6582.webp\" data-elementor-open-lightbox=\"yes\" data-elementor-lightbox-slideshow=\"0944945\" data-elementor-lightbox-title=\"DSC_6582\" data-e-action-hash=\"#elementor-action%3Aaction%3Dlightbox%26settings%3DeyJpZCI6NDUwLCJ1cmwiOiJodHRwczpcL1wvd3d3LnZvbmZ1ZXJzdGVuYmVyZy5jb21cL3dwLWNvbnRlbnRcL3VwbG9hZHNcLzIwMjRcLzEyXC9EU0NfNjU4Mi53ZWJwIiwic2xpZGVzaG93IjoiMDk0NDk0NSJ9\">\n\t\t\t\t\t<div class=\"e-gallery-image elementor-gallery-item__image\" data-thumbnail=\"https:\/\/www.vonfuerstenberg.com\/wp-content\/uploads\/2024\/12\/DSC_6582-300x200.webp\" data-width=\"300\" data-height=\"200\" aria-label=\"\" role=\"img\" ><\/div>\n\t\t\t\t\t\t\t\t\t\t\t<div class=\"elementor-gallery-item__overlay\"><\/div>\n\t\t\t\t\t\t\t\t\t\t\t\t\t\t<\/a>\n\t\t\t\t\t\t\t<a class=\"e-gallery-item elementor-gallery-item elementor-animated-content\" href=\"https:\/\/www.vonfuerstenberg.com\/wp-content\/uploads\/2024\/12\/DSC_6606.webp\" data-elementor-open-lightbox=\"yes\" data-elementor-lightbox-slideshow=\"0944945\" data-elementor-lightbox-title=\"DSC_6606\" data-e-action-hash=\"#elementor-action%3Aaction%3Dlightbox%26settings%3DeyJpZCI6NDUxLCJ1cmwiOiJodHRwczpcL1wvd3d3LnZvbmZ1ZXJzdGVuYmVyZy5jb21cL3dwLWNvbnRlbnRcL3VwbG9hZHNcLzIwMjRcLzEyXC9EU0NfNjYwNi53ZWJwIiwic2xpZGVzaG93IjoiMDk0NDk0NSJ9\">\n\t\t\t\t\t<div class=\"e-gallery-image elementor-gallery-item__image\" data-thumbnail=\"https:\/\/www.vonfuerstenberg.com\/wp-content\/uploads\/2024\/12\/DSC_6606-300x200.webp\" data-width=\"300\" data-height=\"200\" aria-label=\"\" role=\"img\" ><\/div>\n\t\t\t\t\t\t\t\t\t\t\t<div class=\"elementor-gallery-item__overlay\"><\/div>\n\t\t\t\t\t\t\t\t\t\t\t\t\t\t<\/a>\n\t\t\t\t\t\t\t<a class=\"e-gallery-item elementor-gallery-item elementor-animated-content\" href=\"https:\/\/www.vonfuerstenberg.com\/wp-content\/uploads\/2025\/01\/vernisage-1600-13.jpg\" data-elementor-open-lightbox=\"yes\" data-elementor-lightbox-slideshow=\"0944945\" data-elementor-lightbox-title=\"vernisage-1600-13\" data-e-action-hash=\"#elementor-action%3Aaction%3Dlightbox%26settings%3DeyJpZCI6NjA5LCJ1cmwiOiJodHRwczpcL1wvd3d3LnZvbmZ1ZXJzdGVuYmVyZy5jb21cL3dwLWNvbnRlbnRcL3VwbG9hZHNcLzIwMjVcLzAxXC92ZXJuaXNhZ2UtMTYwMC0xMy5qcGciLCJzbGlkZXNob3ciOiIwOTQ0OTQ1In0%3D\">\n\t\t\t\t\t<div class=\"e-gallery-image elementor-gallery-item__image\" data-thumbnail=\"https:\/\/www.vonfuerstenberg.com\/wp-content\/uploads\/2025\/01\/vernisage-1600-13-300x225.jpg\" data-width=\"300\" data-height=\"225\" aria-label=\"\" role=\"img\" ><\/div>\n\t\t\t\t\t\t\t\t\t\t\t<div class=\"elementor-gallery-item__overlay\"><\/div>\n\t\t\t\t\t\t\t\t\t\t\t\t\t\t<\/a>\n\t\t\t\t\t\t\t<a class=\"e-gallery-item elementor-gallery-item elementor-animated-content\" href=\"https:\/\/www.vonfuerstenberg.com\/wp-content\/uploads\/2025\/01\/Stephanie-von-fuerstenberg_prtrait.webp\" data-elementor-open-lightbox=\"yes\" data-elementor-lightbox-slideshow=\"0944945\" data-elementor-lightbox-title=\"Stephanie-von-fuerstenberg_prtrait\" data-e-action-hash=\"#elementor-action%3Aaction%3Dlightbox%26settings%3DeyJpZCI6ODgsInVybCI6Imh0dHBzOlwvXC93d3cudm9uZnVlcnN0ZW5iZXJnLmNvbVwvd3AtY29udGVudFwvdXBsb2Fkc1wvMjAyNVwvMDFcL1N0ZXBoYW5pZS12b24tZnVlcnN0ZW5iZXJnX3BydHJhaXQud2VicCIsInNsaWRlc2hvdyI6IjA5NDQ5NDUifQ%3D%3D\">\n\t\t\t\t\t<div class=\"e-gallery-image elementor-gallery-item__image\" data-thumbnail=\"https:\/\/www.vonfuerstenberg.com\/wp-content\/uploads\/2025\/01\/Stephanie-von-fuerstenberg_prtrait-199x300.webp\" data-width=\"199\" data-height=\"300\" aria-label=\"\" role=\"img\" ><\/div>\n\t\t\t\t\t\t\t\t\t\t\t<div class=\"elementor-gallery-item__overlay\"><\/div>\n\t\t\t\t\t\t\t\t\t\t\t\t\t\t<\/a>\n\t\t\t\t\t\t\t<a class=\"e-gallery-item elementor-gallery-item elementor-animated-content\" href=\"https:\/\/www.vonfuerstenberg.com\/wp-content\/uploads\/2025\/01\/Biografie-1.jpg\" data-elementor-open-lightbox=\"yes\" data-elementor-lightbox-slideshow=\"0944945\" data-elementor-lightbox-title=\"Biografie-1\" data-e-action-hash=\"#elementor-action%3Aaction%3Dlightbox%26settings%3DeyJpZCI6MjI5LCJ1cmwiOiJodHRwczpcL1wvd3d3LnZvbmZ1ZXJzdGVuYmVyZy5jb21cL3dwLWNvbnRlbnRcL3VwbG9hZHNcLzIwMjVcLzAxXC9CaW9ncmFmaWUtMS5qcGciLCJzbGlkZXNob3ciOiIwOTQ0OTQ1In0%3D\">\n\t\t\t\t\t<div class=\"e-gallery-image elementor-gallery-item__image\" data-thumbnail=\"https:\/\/www.vonfuerstenberg.com\/wp-content\/uploads\/2025\/01\/Biografie-1-225x300.jpg\" data-width=\"225\" data-height=\"300\" aria-label=\"\" role=\"img\" ><\/div>\n\t\t\t\t\t\t\t\t\t\t\t<div class=\"elementor-gallery-item__overlay\"><\/div>\n\t\t\t\t\t\t\t\t\t\t\t\t\t\t<\/a>\n\t\t\t\t\t\t\t<a class=\"e-gallery-item elementor-gallery-item elementor-animated-content\" href=\"https:\/\/www.vonfuerstenberg.com\/wp-content\/uploads\/2025\/01\/Biografie-2.jpg\" data-elementor-open-lightbox=\"yes\" data-elementor-lightbox-slideshow=\"0944945\" data-elementor-lightbox-title=\"Biografie-2\" data-e-action-hash=\"#elementor-action%3Aaction%3Dlightbox%26settings%3DeyJpZCI6MjMwLCJ1cmwiOiJodHRwczpcL1wvd3d3LnZvbmZ1ZXJzdGVuYmVyZy5jb21cL3dwLWNvbnRlbnRcL3VwbG9hZHNcLzIwMjVcLzAxXC9CaW9ncmFmaWUtMi5qcGciLCJzbGlkZXNob3ciOiIwOTQ0OTQ1In0%3D\">\n\t\t\t\t\t<div class=\"e-gallery-image elementor-gallery-item__image\" data-thumbnail=\"https:\/\/www.vonfuerstenberg.com\/wp-content\/uploads\/2025\/01\/Biografie-2-300x225.jpg\" data-width=\"300\" data-height=\"225\" aria-label=\"\" role=\"img\" ><\/div>\n\t\t\t\t\t\t\t\t\t\t\t<div class=\"elementor-gallery-item__overlay\"><\/div>\n\t\t\t\t\t\t\t\t\t\t\t\t\t\t<\/a>\n\t\t\t\t\t\t\t<a class=\"e-gallery-item elementor-gallery-item elementor-animated-content\" href=\"https:\/\/www.vonfuerstenberg.com\/wp-content\/uploads\/2025\/01\/trisor-event_von-fuerstenberg.webp\" data-elementor-open-lightbox=\"yes\" data-elementor-lightbox-slideshow=\"0944945\" data-elementor-lightbox-title=\"trisor-event_von-fuerstenberg\" data-e-action-hash=\"#elementor-action%3Aaction%3Dlightbox%26settings%3DeyJpZCI6MTY3LCJ1cmwiOiJodHRwczpcL1wvd3d3LnZvbmZ1ZXJzdGVuYmVyZy5jb21cL3dwLWNvbnRlbnRcL3VwbG9hZHNcLzIwMjVcLzAxXC90cmlzb3ItZXZlbnRfdm9uLWZ1ZXJzdGVuYmVyZy53ZWJwIiwic2xpZGVzaG93IjoiMDk0NDk0NSJ9\">\n\t\t\t\t\t<div class=\"e-gallery-image elementor-gallery-item__image\" data-thumbnail=\"https:\/\/www.vonfuerstenberg.com\/wp-content\/uploads\/2025\/01\/trisor-event_von-fuerstenberg-300x200.webp\" data-width=\"300\" data-height=\"200\" aria-label=\"\" role=\"img\" ><\/div>\n\t\t\t\t\t\t\t\t\t\t\t<div class=\"elementor-gallery-item__overlay\"><\/div>\n\t\t\t\t\t\t\t\t\t\t\t\t\t\t<\/a>\n\t\t\t\t\t\t\t<a class=\"e-gallery-item elementor-gallery-item elementor-animated-content\" href=\"https:\/\/www.vonfuerstenberg.com\/wp-content\/uploads\/2025\/01\/vernissage-gauting-1.jpg\" data-elementor-open-lightbox=\"yes\" data-elementor-lightbox-slideshow=\"0944945\" data-elementor-lightbox-title=\"Fabian Kaddick, Stephanie von F\u00fcrstenberg, Stephan Kaddick\" data-e-action-hash=\"#elementor-action%3Aaction%3Dlightbox%26settings%3DeyJpZCI6NjAwLCJ1cmwiOiJodHRwczpcL1wvd3d3LnZvbmZ1ZXJzdGVuYmVyZy5jb21cL3dwLWNvbnRlbnRcL3VwbG9hZHNcLzIwMjVcLzAxXC92ZXJuaXNzYWdlLWdhdXRpbmctMS5qcGciLCJzbGlkZXNob3ciOiIwOTQ0OTQ1In0%3D\">\n\t\t\t\t\t<div class=\"e-gallery-image elementor-gallery-item__image\" data-thumbnail=\"https:\/\/www.vonfuerstenberg.com\/wp-content\/uploads\/2025\/01\/vernissage-gauting-1-300x200.jpg\" data-width=\"300\" data-height=\"200\" aria-label=\"\" role=\"img\" ><\/div>\n\t\t\t\t\t\t\t\t\t\t\t<div class=\"elementor-gallery-item__overlay\"><\/div>\n\t\t\t\t\t\t\t\t\t\t\t\t\t\t<\/a>\n\t\t\t\t\t\t\t<a class=\"e-gallery-item elementor-gallery-item elementor-animated-content\" href=\"https:\/\/www.vonfuerstenberg.com\/wp-content\/uploads\/2025\/01\/Biografie-3.jpg\" data-elementor-open-lightbox=\"yes\" data-elementor-lightbox-slideshow=\"0944945\" data-elementor-lightbox-title=\"Biografie-3\" data-e-action-hash=\"#elementor-action%3Aaction%3Dlightbox%26settings%3DeyJpZCI6MjMxLCJ1cmwiOiJodHRwczpcL1wvd3d3LnZvbmZ1ZXJzdGVuYmVyZy5jb21cL3dwLWNvbnRlbnRcL3VwbG9hZHNcLzIwMjVcLzAxXC9CaW9ncmFmaWUtMy5qcGciLCJzbGlkZXNob3ciOiIwOTQ0OTQ1In0%3D\">\n\t\t\t\t\t<div class=\"e-gallery-image elementor-gallery-item__image\" data-thumbnail=\"https:\/\/www.vonfuerstenberg.com\/wp-content\/uploads\/2025\/01\/Biografie-3-225x300.jpg\" data-width=\"225\" data-height=\"300\" aria-label=\"\" role=\"img\" ><\/div>\n\t\t\t\t\t\t\t\t\t\t\t<div class=\"elementor-gallery-item__overlay\"><\/div>\n\t\t\t\t\t\t\t\t\t\t\t\t\t\t<\/a>\n\t\t\t\t\t<\/div>\n\t\t\t\t\t<\/div>\n\t\t\t\t<\/div>\n\t\t\t\t\t<\/div>\n\t\t\t\t<\/div>\n\t\t<div class=\"elementor-element elementor-element-f17e250 e-flex e-con-boxed e-con e-parent\" data-id=\"f17e250\" data-element_type=\"container\" data-e-type=\"container\">\n\t\t\t\t\t<div class=\"e-con-inner\">\n\t\t\t\t<div class=\"elementor-element elementor-element-06da692 elementor-widget elementor-widget-spacer\" data-id=\"06da692\" data-element_type=\"widget\" data-e-type=\"widget\" data-widget_type=\"spacer.default\">\n\t\t\t\t<div class=\"elementor-widget-container\">\n\t\t\t\t\t\t\t<div class=\"elementor-spacer\">\n\t\t\t<div class=\"elementor-spacer-inner\"><\/div>\n\t\t<\/div>\n\t\t\t\t\t\t<\/div>\n\t\t\t\t<\/div>\n\t\t\t\t\t<\/div>\n\t\t\t\t<\/div>\n\t\t\t\t<\/div>\n\t\t","protected":false},"excerpt":{"rendered":"<p>Biografie \u201eMeine Bilder sind geleitet von meinen Gef\u00fchlen, denn ich male was mir meine Seele erz\u00e4hlt. Ich m\u00f6chte die ungez\u00fcgelte Freiheit und Freude des Lebens schm\u00fccken.\u201c Stephany von F\u00fcrstenberg Kreativit\u00e4t aus der Natur Stephany von F\u00fcrstenberg wird in Donzdorf, Baden-W\u00fcrttemberg geboren. Die l\u00e4ndliche Atmosph\u00e4re und die N\u00e4he zur Natur schenken ihr eine unbeschwerte Kindheit. Schon [&hellip;]<\/p>\n","protected":false},"author":1,"featured_media":0,"parent":0,"menu_order":0,"comment_status":"closed","ping_status":"closed","template":"","meta":{"footnotes":""},"class_list":["post-210","page","type-page","status-publish","hentry"],"_links":{"self":[{"href":"https:\/\/www.vonfuerstenberg.com\/index.php\/wp-json\/wp\/v2\/pages\/210","targetHints":{"allow":["GET"]}}],"collection":[{"href":"https:\/\/www.vonfuerstenberg.com\/index.php\/wp-json\/wp\/v2\/pages"}],"about":[{"href":"https:\/\/www.vonfuerstenberg.com\/index.php\/wp-json\/wp\/v2\/types\/page"}],"author":[{"embeddable":true,"href":"https:\/\/www.vonfuerstenberg.com\/index.php\/wp-json\/wp\/v2\/users\/1"}],"replies":[{"embeddable":true,"href":"https:\/\/www.vonfuerstenberg.com\/index.php\/wp-json\/wp\/v2\/comments?post=210"}],"version-history":[{"count":40,"href":"https:\/\/www.vonfuerstenberg.com\/index.php\/wp-json\/wp\/v2\/pages\/210\/revisions"}],"predecessor-version":[{"id":855,"href":"https:\/\/www.vonfuerstenberg.com\/index.php\/wp-json\/wp\/v2\/pages\/210\/revisions\/855"}],"wp:attachment":[{"href":"https:\/\/www.vonfuerstenberg.com\/index.php\/wp-json\/wp\/v2\/media?parent=210"}],"curies":[{"name":"wp","href":"https:\/\/api.w.org\/{rel}","templated":true}]}}