{"id":239,"date":"2025-01-20T15:53:22","date_gmt":"2025-01-20T15:53:22","guid":{"rendered":"https:\/\/www.vonfuerstenberg.com\/?page_id=239"},"modified":"2026-07-23T14:33:03","modified_gmt":"2026-07-23T14:33:03","slug":"gemaelde","status":"publish","type":"page","link":"https:\/\/www.vonfuerstenberg.com\/index.php\/gemaelde\/","title":{"rendered":"Gem\u00e4lde"},"content":{"rendered":"\t\t<div data-elementor-type=\"wp-page\" data-elementor-id=\"239\" class=\"elementor elementor-239\" data-elementor-post-type=\"page\">\n\t\t\t\t<div class=\"elementor-element elementor-element-4efe40a e-flex e-con-boxed e-con e-parent\" data-id=\"4efe40a\" data-element_type=\"container\" data-e-type=\"container\" data-settings=\"{&quot;background_background&quot;:&quot;classic&quot;}\">\n\t\t\t\t\t<div class=\"e-con-inner\">\n\t\t<div class=\"elementor-element elementor-element-e31b2c1 e-flex e-con-boxed elementor-invisible e-con e-child\" data-id=\"e31b2c1\" data-element_type=\"container\" data-e-type=\"container\" data-settings=\"{&quot;background_background&quot;:&quot;classic&quot;,&quot;animation&quot;:&quot;fadeIn&quot;}\">\n\t\t\t\t\t<div class=\"e-con-inner\">\n\t\t<div class=\"elementor-element elementor-element-907e607 e-flex e-con-boxed e-con e-child\" data-id=\"907e607\" data-element_type=\"container\" data-e-type=\"container\">\n\t\t\t\t\t<div class=\"e-con-inner\">\n\t\t\t\t<div class=\"elementor-element elementor-element-7f3fde1 elementor-widget__width-inherit elementor-widget elementor-widget-image\" data-id=\"7f3fde1\" data-element_type=\"widget\" data-e-type=\"widget\" data-widget_type=\"image.default\">\n\t\t\t\t<div class=\"elementor-widget-container\">\n\t\t\t\t\t\t\t\t\t\t\t\t\t\t\t<img fetchpriority=\"high\" decoding=\"async\" width=\"800\" height=\"587\" src=\"https:\/\/www.vonfuerstenberg.com\/wp-content\/uploads\/2024\/12\/gallery-wakeup.webp\" class=\"attachment-large size-large wp-image-39\" alt=\"\" srcset=\"https:\/\/www.vonfuerstenberg.com\/wp-content\/uploads\/2024\/12\/gallery-wakeup.webp 900w, https:\/\/www.vonfuerstenberg.com\/wp-content\/uploads\/2024\/12\/gallery-wakeup-300x220.webp 300w, https:\/\/www.vonfuerstenberg.com\/wp-content\/uploads\/2024\/12\/gallery-wakeup-768x563.webp 768w\" sizes=\"(max-width: 800px) 100vw, 800px\" \/>\t\t\t\t\t\t\t\t\t\t\t\t\t\t\t<\/div>\n\t\t\t\t<\/div>\n\t\t<div class=\"elementor-element elementor-element-f68892e e-con-full e-flex e-con e-child\" data-id=\"f68892e\" data-element_type=\"container\" data-e-type=\"container\">\n\t\t\t\t<div class=\"elementor-element elementor-element-03e2de1 elementor-view-default elementor-widget elementor-widget-icon\" data-id=\"03e2de1\" data-element_type=\"widget\" data-e-type=\"widget\" data-widget_type=\"icon.default\">\n\t\t\t\t<div class=\"elementor-widget-container\">\n\t\t\t\t\t\t\t<div class=\"elementor-icon-wrapper\">\n\t\t\t<div class=\"elementor-icon\">\n\t\t\t<svg aria-hidden=\"true\" class=\"e-font-icon-svg e-fas-circle\" viewBox=\"0 0 512 512\" xmlns=\"http:\/\/www.w3.org\/2000\/svg\"><path d=\"M256 8C119 8 8 119 8 256s111 248 248 248 248-111 248-248S393 8 256 8z\"><\/path><\/svg>\t\t\t<\/div>\n\t\t<\/div>\n\t\t\t\t\t\t<\/div>\n\t\t\t\t<\/div>\n\t\t\t\t<div class=\"elementor-element elementor-element-6c47ce7 elementor-widget elementor-widget-text-editor\" data-id=\"6c47ce7\" data-element_type=\"widget\" data-e-type=\"widget\" data-widget_type=\"text-editor.default\">\n\t\t\t\t<div class=\"elementor-widget-container\">\n\t\t\t\t\t\t\t\t\t<p>Verkauft<\/p>\t\t\t\t\t\t\t\t<\/div>\n\t\t\t\t<\/div>\n\t\t\t\t<div class=\"elementor-element elementor-element-1a7a467 elementor-widget elementor-widget-text-editor\" data-id=\"1a7a467\" data-element_type=\"widget\" data-e-type=\"widget\" data-widget_type=\"text-editor.default\">\n\t\t\t\t<div class=\"elementor-widget-container\">\n\t\t\t\t\t\t\t\t\t<p><strong>Wakeup<\/strong> &#8211; Acryl auf Leinwand, 80 x 90 cm<\/p>\t\t\t\t\t\t\t\t<\/div>\n\t\t\t\t<\/div>\n\t\t\t\t<\/div>\n\t\t\t\t\t<\/div>\n\t\t\t\t<\/div>\n\t\t<div class=\"elementor-element elementor-element-829274d e-flex e-con-boxed e-con e-child\" data-id=\"829274d\" data-element_type=\"container\" data-e-type=\"container\">\n\t\t\t\t\t<div class=\"e-con-inner\">\n\t\t\t\t<div class=\"elementor-element elementor-element-7215811 elementor-widget elementor-widget-heading\" data-id=\"7215811\" data-element_type=\"widget\" data-e-type=\"widget\" data-widget_type=\"heading.default\">\n\t\t\t\t<div class=\"elementor-widget-container\">\n\t\t\t\t\t<h1 class=\"elementor-heading-title elementor-size-default\">Gem\u00e4lde<\/h1>\t\t\t\t<\/div>\n\t\t\t\t<\/div>\n\t\t\t\t<div class=\"elementor-element elementor-element-ca8113e elementor-widget elementor-widget-text-editor\" data-id=\"ca8113e\" data-element_type=\"widget\" data-e-type=\"widget\" data-widget_type=\"text-editor.default\">\n\t\t\t\t<div class=\"elementor-widget-container\">\n\t\t\t\t\t\t\t\t\t<div class=\"elementor-element elementor-element-b12e697 elementor-widget elementor-widget-text-editor\" data-id=\"b12e697\" data-element_type=\"widget\" data-widget_type=\"text-editor.default\"><div class=\"elementor-widget-container\"><p>Meine Bilder sind geleitet von meinen Gef\u00fchlen, denn ich male was mir meine Seele erz\u00e4hlt. Ich m\u00f6chte die ungez\u00fcgelte Freiheit und Freude des Lebens schm\u00fccken.<\/p><\/div><\/div>\t\t\t\t\t\t\t\t<\/div>\n\t\t\t\t<\/div>\n\t\t\t\t\t<\/div>\n\t\t\t\t<\/div>\n\t\t\t\t\t<\/div>\n\t\t\t\t<\/div>\n\t\t\t\t\t<\/div>\n\t\t\t\t<\/div>\n\t\t<div class=\"elementor-element elementor-element-48e458f e-flex e-con-boxed e-con e-parent\" data-id=\"48e458f\" data-element_type=\"container\" data-e-type=\"container\">\n\t\t\t\t\t<div class=\"e-con-inner\">\n\t\t<div class=\"elementor-element elementor-element-daa38ea e-con-full e-flex e-con e-child\" data-id=\"daa38ea\" data-element_type=\"container\" data-e-type=\"container\">\n\t\t<div class=\"elementor-element elementor-element-cdd2593 e-con-full e-flex e-con e-child\" data-id=\"cdd2593\" data-element_type=\"container\" data-e-type=\"container\" data-settings=\"{&quot;background_background&quot;:&quot;classic&quot;}\">\n\t\t\t\t<div class=\"elementor-element elementor-element-cd05965 elementor-widget elementor-widget-image\" data-id=\"cd05965\" data-element_type=\"widget\" data-e-type=\"widget\" data-widget_type=\"image.default\">\n\t\t\t\t<div class=\"elementor-widget-container\">\n\t\t\t\t\t\t\t\t\t\t\t\t\t\t\t<img decoding=\"async\" width=\"1920\" height=\"1300\" src=\"https:\/\/www.vonfuerstenberg.com\/wp-content\/uploads\/2026\/06\/Fledermaus-80x-100.webp\" class=\"attachment-full size-full wp-image-1233\" alt=\"\" srcset=\"https:\/\/www.vonfuerstenberg.com\/wp-content\/uploads\/2026\/06\/Fledermaus-80x-100.webp 1920w, https:\/\/www.vonfuerstenberg.com\/wp-content\/uploads\/2026\/06\/Fledermaus-80x-100-300x203.webp 300w, https:\/\/www.vonfuerstenberg.com\/wp-content\/uploads\/2026\/06\/Fledermaus-80x-100-1024x693.webp 1024w, https:\/\/www.vonfuerstenberg.com\/wp-content\/uploads\/2026\/06\/Fledermaus-80x-100-768x520.webp 768w, https:\/\/www.vonfuerstenberg.com\/wp-content\/uploads\/2026\/06\/Fledermaus-80x-100-1536x1040.webp 1536w\" sizes=\"(max-width: 1920px) 100vw, 1920px\" \/>\t\t\t\t\t\t\t\t\t\t\t\t\t\t\t<\/div>\n\t\t\t\t<\/div>\n\t\t\t\t<div class=\"elementor-element elementor-element-847552e elementor-widget elementor-widget-text-editor\" data-id=\"847552e\" data-element_type=\"widget\" data-e-type=\"widget\" data-widget_type=\"text-editor.default\">\n\t\t\t\t<div class=\"elementor-widget-container\">\n\t\t\t\t\t\t\t\t\t<p><strong>Fledermaus<\/strong> &#8211; Acryl auf Leinwand, 80 x 100 cm, 2026<\/p>\t\t\t\t\t\t\t\t<\/div>\n\t\t\t\t<\/div>\n\t\t\t\t<\/div>\n\t\t\t\t<\/div>\n\t\t<div class=\"elementor-element elementor-element-e84b7f2 e-con-full e-flex e-con e-child\" data-id=\"e84b7f2\" data-element_type=\"container\" data-e-type=\"container\">\n\t\t<div class=\"elementor-element elementor-element-9364b2d e-con-full e-flex e-con e-child\" data-id=\"9364b2d\" data-element_type=\"container\" data-e-type=\"container\" data-settings=\"{&quot;background_background&quot;:&quot;classic&quot;}\">\n\t\t\t\t<div class=\"elementor-element elementor-element-15bcf2d elementor-widget elementor-widget-image\" data-id=\"15bcf2d\" data-element_type=\"widget\" data-e-type=\"widget\" data-widget_type=\"image.default\">\n\t\t\t\t<div class=\"elementor-widget-container\">\n\t\t\t\t\t\t\t\t\t\t\t\t\t\t\t<img decoding=\"async\" width=\"800\" height=\"541\" src=\"https:\/\/www.vonfuerstenberg.com\/wp-content\/uploads\/2026\/06\/Palme-100-x-120-1024x693.webp\" class=\"attachment-large size-large wp-image-1231\" alt=\"\" srcset=\"https:\/\/www.vonfuerstenberg.com\/wp-content\/uploads\/2026\/06\/Palme-100-x-120-1024x693.webp 1024w, https:\/\/www.vonfuerstenberg.com\/wp-content\/uploads\/2026\/06\/Palme-100-x-120-300x203.webp 300w, https:\/\/www.vonfuerstenberg.com\/wp-content\/uploads\/2026\/06\/Palme-100-x-120-768x520.webp 768w, https:\/\/www.vonfuerstenberg.com\/wp-content\/uploads\/2026\/06\/Palme-100-x-120-1536x1040.webp 1536w, https:\/\/www.vonfuerstenberg.com\/wp-content\/uploads\/2026\/06\/Palme-100-x-120.webp 1920w\" sizes=\"(max-width: 800px) 100vw, 800px\" \/>\t\t\t\t\t\t\t\t\t\t\t\t\t\t\t<\/div>\n\t\t\t\t<\/div>\n\t\t\t\t<div class=\"elementor-element elementor-element-3c271c7 elementor-widget elementor-widget-text-editor\" data-id=\"3c271c7\" data-element_type=\"widget\" data-e-type=\"widget\" data-widget_type=\"text-editor.default\">\n\t\t\t\t<div class=\"elementor-widget-container\">\n\t\t\t\t\t\t\t\t\t<p><strong>Palme<\/strong> &#8211; Acryl auf Leinwand, 100&#215;110 cm, 2026<\/p>\t\t\t\t\t\t\t\t<\/div>\n\t\t\t\t<\/div>\n\t\t\t\t<\/div>\n\t\t\t\t<\/div>\n\t\t<div class=\"elementor-element elementor-element-fda9fc4 e-con-full e-flex e-con e-child\" data-id=\"fda9fc4\" data-element_type=\"container\" data-e-type=\"container\">\n\t\t<div class=\"elementor-element elementor-element-9489d4c e-con-full e-flex e-con e-child\" data-id=\"9489d4c\" data-element_type=\"container\" data-e-type=\"container\" data-settings=\"{&quot;background_background&quot;:&quot;classic&quot;}\">\n\t\t\t\t<div class=\"elementor-element elementor-element-b1a3b05 elementor-widget elementor-widget-image\" data-id=\"b1a3b05\" data-element_type=\"widget\" data-e-type=\"widget\" data-widget_type=\"image.default\">\n\t\t\t\t<div class=\"elementor-widget-container\">\n\t\t\t\t\t\t\t\t\t\t\t\t\t\t\t<img loading=\"lazy\" decoding=\"async\" width=\"1920\" height=\"1300\" src=\"https:\/\/www.vonfuerstenberg.com\/wp-content\/uploads\/2026\/06\/Teneriffa-80-x-100.webp\" class=\"attachment-full size-full wp-image-1228\" alt=\"\" srcset=\"https:\/\/www.vonfuerstenberg.com\/wp-content\/uploads\/2026\/06\/Teneriffa-80-x-100.webp 1920w, https:\/\/www.vonfuerstenberg.com\/wp-content\/uploads\/2026\/06\/Teneriffa-80-x-100-300x203.webp 300w, https:\/\/www.vonfuerstenberg.com\/wp-content\/uploads\/2026\/06\/Teneriffa-80-x-100-1024x693.webp 1024w, https:\/\/www.vonfuerstenberg.com\/wp-content\/uploads\/2026\/06\/Teneriffa-80-x-100-768x520.webp 768w, https:\/\/www.vonfuerstenberg.com\/wp-content\/uploads\/2026\/06\/Teneriffa-80-x-100-1536x1040.webp 1536w\" sizes=\"(max-width: 1920px) 100vw, 1920px\" \/>\t\t\t\t\t\t\t\t\t\t\t\t\t\t\t<\/div>\n\t\t\t\t<\/div>\n\t\t\t\t<div class=\"elementor-element elementor-element-f975644 elementor-widget elementor-widget-text-editor\" data-id=\"f975644\" data-element_type=\"widget\" data-e-type=\"widget\" data-widget_type=\"text-editor.default\">\n\t\t\t\t<div class=\"elementor-widget-container\">\n\t\t\t\t\t\t\t\t\t<p><strong>Teneriffa<\/strong> &#8211; Acryl auf Leinwand, 80 x 100 cm, 2026<\/p>\t\t\t\t\t\t\t\t<\/div>\n\t\t\t\t<\/div>\n\t\t\t\t<\/div>\n\t\t\t\t<\/div>\n\t\t<div class=\"elementor-element elementor-element-4bcad65 e-con-full e-flex e-con e-child\" data-id=\"4bcad65\" data-element_type=\"container\" data-e-type=\"container\">\n\t\t<div class=\"elementor-element elementor-element-e9b12ce e-con-full e-flex e-con e-child\" data-id=\"e9b12ce\" data-element_type=\"container\" data-e-type=\"container\" data-settings=\"{&quot;background_background&quot;:&quot;classic&quot;}\">\n\t\t\t\t<\/div>\n\t\t<div class=\"elementor-element elementor-element-aaf2203 e-con-full e-flex e-con e-child\" data-id=\"aaf2203\" data-element_type=\"container\" data-e-type=\"container\" data-settings=\"{&quot;background_background&quot;:&quot;classic&quot;}\">\n\t\t\t\t<div class=\"elementor-element elementor-element-6a81fd0 elementor-widget elementor-widget-image\" data-id=\"6a81fd0\" data-element_type=\"widget\" data-e-type=\"widget\" data-widget_type=\"image.default\">\n\t\t\t\t<div class=\"elementor-widget-container\">\n\t\t\t\t\t\t\t\t\t\t\t\t\t\t\t<img loading=\"lazy\" decoding=\"async\" width=\"800\" height=\"963\" src=\"https:\/\/www.vonfuerstenberg.com\/wp-content\/uploads\/2026\/06\/Trompeten-80-x-100-851x1024.webp\" class=\"attachment-large size-large wp-image-1229\" alt=\"\" srcset=\"https:\/\/www.vonfuerstenberg.com\/wp-content\/uploads\/2026\/06\/Trompeten-80-x-100-851x1024.webp 851w, https:\/\/www.vonfuerstenberg.com\/wp-content\/uploads\/2026\/06\/Trompeten-80-x-100-249x300.webp 249w, https:\/\/www.vonfuerstenberg.com\/wp-content\/uploads\/2026\/06\/Trompeten-80-x-100-768x924.webp 768w, https:\/\/www.vonfuerstenberg.com\/wp-content\/uploads\/2026\/06\/Trompeten-80-x-100.webp 1080w\" sizes=\"(max-width: 800px) 100vw, 800px\" \/>\t\t\t\t\t\t\t\t\t\t\t\t\t\t\t<\/div>\n\t\t\t\t<\/div>\n\t\t\t\t<div class=\"elementor-element elementor-element-110e0fb elementor-widget elementor-widget-text-editor\" data-id=\"110e0fb\" data-element_type=\"widget\" data-e-type=\"widget\" data-widget_type=\"text-editor.default\">\n\t\t\t\t<div class=\"elementor-widget-container\">\n\t\t\t\t\t\t\t\t\t<p><strong>Trompeten<\/strong> &#8211; Acryl auf Leinwand, 80&#215;100 cm, 2026<\/p>\t\t\t\t\t\t\t\t<\/div>\n\t\t\t\t<\/div>\n\t\t\t\t<\/div>\n\t\t\t\t<\/div>\n\t\t<div class=\"elementor-element elementor-element-eff9dba e-con-full e-flex e-con e-child\" data-id=\"eff9dba\" data-element_type=\"container\" data-e-type=\"container\">\n\t\t<div class=\"elementor-element elementor-element-18f6159 e-con-full e-flex e-con e-child\" data-id=\"18f6159\" data-element_type=\"container\" data-e-type=\"container\" data-settings=\"{&quot;background_background&quot;:&quot;classic&quot;}\">\n\t\t\t\t<div class=\"elementor-element elementor-element-3dbc91e elementor-widget elementor-widget-image\" data-id=\"3dbc91e\" data-element_type=\"widget\" data-e-type=\"widget\" data-widget_type=\"image.default\">\n\t\t\t\t<div class=\"elementor-widget-container\">\n\t\t\t\t\t\t\t\t\t\t\t\t\t\t\t<img loading=\"lazy\" decoding=\"async\" width=\"800\" height=\"800\" src=\"https:\/\/www.vonfuerstenberg.com\/wp-content\/uploads\/2025\/07\/gallery-Gemaelde-rund_orange-gelb-stephany_von_fuerstenberg_juli-2025.webp\" class=\"attachment-large size-large wp-image-1193\" alt=\"\" srcset=\"https:\/\/www.vonfuerstenberg.com\/wp-content\/uploads\/2025\/07\/gallery-Gemaelde-rund_orange-gelb-stephany_von_fuerstenberg_juli-2025.webp 900w, https:\/\/www.vonfuerstenberg.com\/wp-content\/uploads\/2025\/07\/gallery-Gemaelde-rund_orange-gelb-stephany_von_fuerstenberg_juli-2025-300x300.webp 300w, https:\/\/www.vonfuerstenberg.com\/wp-content\/uploads\/2025\/07\/gallery-Gemaelde-rund_orange-gelb-stephany_von_fuerstenberg_juli-2025-150x150.webp 150w, https:\/\/www.vonfuerstenberg.com\/wp-content\/uploads\/2025\/07\/gallery-Gemaelde-rund_orange-gelb-stephany_von_fuerstenberg_juli-2025-768x768.webp 768w\" sizes=\"(max-width: 800px) 100vw, 800px\" \/>\t\t\t\t\t\t\t\t\t\t\t\t\t\t\t<\/div>\n\t\t\t\t<\/div>\n\t\t\t\t<div class=\"elementor-element elementor-element-503198a elementor-widget elementor-widget-text-editor\" data-id=\"503198a\" data-element_type=\"widget\" data-e-type=\"widget\" data-widget_type=\"text-editor.default\">\n\t\t\t\t<div class=\"elementor-widget-container\">\n\t\t\t\t\t\t\t\t\t<p><strong>Soweit die F\u00fc\u00dfe tragen<\/strong> &#8211; Acryl auf Leinwand, \u00d8100 cm, 2025<\/p>\t\t\t\t\t\t\t\t<\/div>\n\t\t\t\t<\/div>\n\t\t\t\t<\/div>\n\t\t<div class=\"elementor-element elementor-element-007b4de e-con-full e-flex e-con e-child\" data-id=\"007b4de\" data-element_type=\"container\" data-e-type=\"container\" data-settings=\"{&quot;background_background&quot;:&quot;classic&quot;}\">\n\t\t\t\t<div class=\"elementor-element elementor-element-057e195 elementor-widget elementor-widget-image\" data-id=\"057e195\" data-element_type=\"widget\" data-e-type=\"widget\" data-widget_type=\"image.default\">\n\t\t\t\t<div class=\"elementor-widget-container\">\n\t\t\t\t\t\t\t\t\t\t\t\t\t\t\t<img loading=\"lazy\" decoding=\"async\" width=\"800\" height=\"638\" src=\"https:\/\/www.vonfuerstenberg.com\/wp-content\/uploads\/2024\/12\/gallery-gefuehle.webp\" class=\"attachment-large size-large wp-image-33\" alt=\"\" srcset=\"https:\/\/www.vonfuerstenberg.com\/wp-content\/uploads\/2024\/12\/gallery-gefuehle.webp 900w, https:\/\/www.vonfuerstenberg.com\/wp-content\/uploads\/2024\/12\/gallery-gefuehle-300x239.webp 300w, https:\/\/www.vonfuerstenberg.com\/wp-content\/uploads\/2024\/12\/gallery-gefuehle-768x613.webp 768w\" sizes=\"(max-width: 800px) 100vw, 800px\" \/>\t\t\t\t\t\t\t\t\t\t\t\t\t\t\t<\/div>\n\t\t\t\t<\/div>\n\t\t\t\t<div class=\"elementor-element elementor-element-a3e6b6c elementor-widget elementor-widget-text-editor\" data-id=\"a3e6b6c\" data-element_type=\"widget\" data-e-type=\"widget\" data-widget_type=\"text-editor.default\">\n\t\t\t\t<div class=\"elementor-widget-container\">\n\t\t\t\t\t\t\t\t\t<p><strong>Gef\u00fchle<\/strong> &#8211; Acryl auf Leinwand, 80\/100 cm, 2020<\/p>\t\t\t\t\t\t\t\t<\/div>\n\t\t\t\t<\/div>\n\t\t\t\t<\/div>\n\t\t\t\t<\/div>\n\t\t<div class=\"elementor-element elementor-element-5131a94 e-con-full e-flex e-con e-child\" data-id=\"5131a94\" data-element_type=\"container\" data-e-type=\"container\">\n\t\t<div class=\"elementor-element elementor-element-1a2c544 e-con-full e-flex e-con e-child\" data-id=\"1a2c544\" data-element_type=\"container\" data-e-type=\"container\" data-settings=\"{&quot;background_background&quot;:&quot;classic&quot;}\">\n\t\t\t\t<\/div>\n\t\t<div class=\"elementor-element elementor-element-1c71a94 e-con-full e-flex e-con e-child\" data-id=\"1c71a94\" data-element_type=\"container\" data-e-type=\"container\" data-settings=\"{&quot;background_background&quot;:&quot;classic&quot;}\">\n\t\t\t\t<div class=\"elementor-element elementor-element-fa9f0bc elementor-widget elementor-widget-image\" data-id=\"fa9f0bc\" data-element_type=\"widget\" data-e-type=\"widget\" data-widget_type=\"image.default\">\n\t\t\t\t<div class=\"elementor-widget-container\">\n\t\t\t\t\t\t\t\t\t\t\t\t\t\t\t<img loading=\"lazy\" decoding=\"async\" width=\"800\" height=\"620\" src=\"https:\/\/www.vonfuerstenberg.com\/wp-content\/uploads\/2025\/01\/gallery-vertrauen.webp\" class=\"attachment-large size-large wp-image-241\" alt=\"\" srcset=\"https:\/\/www.vonfuerstenberg.com\/wp-content\/uploads\/2025\/01\/gallery-vertrauen.webp 900w, https:\/\/www.vonfuerstenberg.com\/wp-content\/uploads\/2025\/01\/gallery-vertrauen-300x233.webp 300w, https:\/\/www.vonfuerstenberg.com\/wp-content\/uploads\/2025\/01\/gallery-vertrauen-768x596.webp 768w\" sizes=\"(max-width: 800px) 100vw, 800px\" \/>\t\t\t\t\t\t\t\t\t\t\t\t\t\t\t<\/div>\n\t\t\t\t<\/div>\n\t\t\t\t<div class=\"elementor-element elementor-element-cac6005 elementor-widget elementor-widget-text-editor\" data-id=\"cac6005\" data-element_type=\"widget\" data-e-type=\"widget\" data-widget_type=\"text-editor.default\">\n\t\t\t\t<div class=\"elementor-widget-container\">\n\t\t\t\t\t\t\t\t\t<p><strong>Vertrauen<\/strong> -Acryl auf Leinwand, 70\/90 cm, 2020<\/p>\t\t\t\t\t\t\t\t<\/div>\n\t\t\t\t<\/div>\n\t\t\t\t<\/div>\n\t\t\t\t<\/div>\n\t\t<div class=\"elementor-element elementor-element-01c1457 e-con-full e-flex e-con e-child\" data-id=\"01c1457\" data-element_type=\"container\" data-e-type=\"container\">\n\t\t<div class=\"elementor-element elementor-element-aa6fc93 e-con-full e-flex e-con e-child\" data-id=\"aa6fc93\" data-element_type=\"container\" data-e-type=\"container\" data-settings=\"{&quot;background_background&quot;:&quot;classic&quot;}\">\n\t\t\t\t<div class=\"elementor-element elementor-element-a0e0cf8 elementor-widget elementor-widget-image\" data-id=\"a0e0cf8\" data-element_type=\"widget\" data-e-type=\"widget\" data-widget_type=\"image.default\">\n\t\t\t\t<div class=\"elementor-widget-container\">\n\t\t\t\t\t\t\t\t\t\t\t\t\t\t\t<img loading=\"lazy\" decoding=\"async\" width=\"800\" height=\"601\" src=\"https:\/\/www.vonfuerstenberg.com\/wp-content\/uploads\/2025\/01\/gallery-wahnsinn.webp\" class=\"attachment-large size-large wp-image-242\" alt=\"\" srcset=\"https:\/\/www.vonfuerstenberg.com\/wp-content\/uploads\/2025\/01\/gallery-wahnsinn.webp 900w, https:\/\/www.vonfuerstenberg.com\/wp-content\/uploads\/2025\/01\/gallery-wahnsinn-300x225.webp 300w, https:\/\/www.vonfuerstenberg.com\/wp-content\/uploads\/2025\/01\/gallery-wahnsinn-768x577.webp 768w\" sizes=\"(max-width: 800px) 100vw, 800px\" \/>\t\t\t\t\t\t\t\t\t\t\t\t\t\t\t<\/div>\n\t\t\t\t<\/div>\n\t\t<div class=\"elementor-element elementor-element-a6df761 e-con-full e-flex e-con e-child\" data-id=\"a6df761\" data-element_type=\"container\" data-e-type=\"container\">\n\t\t<div class=\"elementor-element elementor-element-5cebdd3 e-con-full e-flex e-con e-child\" data-id=\"5cebdd3\" data-element_type=\"container\" data-e-type=\"container\">\n\t\t\t\t<div class=\"elementor-element elementor-element-c572100 elementor-view-default elementor-widget elementor-widget-icon\" data-id=\"c572100\" data-element_type=\"widget\" data-e-type=\"widget\" data-widget_type=\"icon.default\">\n\t\t\t\t<div class=\"elementor-widget-container\">\n\t\t\t\t\t\t\t<div class=\"elementor-icon-wrapper\">\n\t\t\t<div class=\"elementor-icon\">\n\t\t\t<svg aria-hidden=\"true\" class=\"e-font-icon-svg e-fas-circle\" viewBox=\"0 0 512 512\" xmlns=\"http:\/\/www.w3.org\/2000\/svg\"><path d=\"M256 8C119 8 8 119 8 256s111 248 248 248 248-111 248-248S393 8 256 8z\"><\/path><\/svg>\t\t\t<\/div>\n\t\t<\/div>\n\t\t\t\t\t\t<\/div>\n\t\t\t\t<\/div>\n\t\t\t\t<div class=\"elementor-element elementor-element-9cf4edf elementor-widget elementor-widget-text-editor\" data-id=\"9cf4edf\" data-element_type=\"widget\" data-e-type=\"widget\" data-widget_type=\"text-editor.default\">\n\t\t\t\t<div class=\"elementor-widget-container\">\n\t\t\t\t\t\t\t\t\t<p>Verliehen Haegeumgang Theme Museum, Yukyung Art Museum in Geoje,\u00a0S\u00fcdkorea<\/p>\t\t\t\t\t\t\t\t<\/div>\n\t\t\t\t<\/div>\n\t\t\t\t<\/div>\n\t\t\t\t<div class=\"elementor-element elementor-element-172be34 elementor-widget elementor-widget-text-editor\" data-id=\"172be34\" data-element_type=\"widget\" data-e-type=\"widget\" data-widget_type=\"text-editor.default\">\n\t\t\t\t<div class=\"elementor-widget-container\">\n\t\t\t\t\t\t\t\t\t<p><strong>Wahnsinn<\/strong> &#8211; Acryl auf Leinwand<\/p>\t\t\t\t\t\t\t\t<\/div>\n\t\t\t\t<\/div>\n\t\t\t\t<\/div>\n\t\t\t\t<\/div>\n\t\t<div class=\"elementor-element elementor-element-754ca7e e-con-full e-flex e-con e-child\" data-id=\"754ca7e\" data-element_type=\"container\" data-e-type=\"container\" data-settings=\"{&quot;background_background&quot;:&quot;classic&quot;}\">\n\t\t\t\t<div class=\"elementor-element elementor-element-b9fe2bc elementor-widget elementor-widget-image\" data-id=\"b9fe2bc\" data-element_type=\"widget\" data-e-type=\"widget\" data-widget_type=\"image.default\">\n\t\t\t\t<div class=\"elementor-widget-container\">\n\t\t\t\t\t\t\t\t\t\t\t\t\t\t\t<img loading=\"lazy\" decoding=\"async\" width=\"505\" height=\"463\" src=\"https:\/\/www.vonfuerstenberg.com\/wp-content\/uploads\/2025\/01\/gallery-art-red-orange.webp\" class=\"attachment-full size-full wp-image-243\" alt=\"\" srcset=\"https:\/\/www.vonfuerstenberg.com\/wp-content\/uploads\/2025\/01\/gallery-art-red-orange.webp 505w, https:\/\/www.vonfuerstenberg.com\/wp-content\/uploads\/2025\/01\/gallery-art-red-orange-300x275.webp 300w\" sizes=\"(max-width: 505px) 100vw, 505px\" \/>\t\t\t\t\t\t\t\t\t\t\t\t\t\t\t<\/div>\n\t\t\t\t<\/div>\n\t\t\t\t<div class=\"elementor-element elementor-element-b4aabcf elementor-widget elementor-widget-text-editor\" data-id=\"b4aabcf\" data-element_type=\"widget\" data-e-type=\"widget\" data-widget_type=\"text-editor.default\">\n\t\t\t\t<div class=\"elementor-widget-container\">\n\t\t\t\t\t\t\t\t\t<p><strong>L\u00f6we<\/strong> &#8211; Acryl auf Leinwand, 50\/50 cm, 2021<\/p>\t\t\t\t\t\t\t\t<\/div>\n\t\t\t\t<\/div>\n\t\t\t\t<\/div>\n\t\t\t\t<\/div>\n\t\t<div class=\"elementor-element elementor-element-2b86005 e-con-full e-flex e-con e-child\" data-id=\"2b86005\" data-element_type=\"container\" data-e-type=\"container\">\n\t\t<div class=\"elementor-element elementor-element-ea2d5dc e-con-full e-flex e-con e-child\" data-id=\"ea2d5dc\" data-element_type=\"container\" data-e-type=\"container\" data-settings=\"{&quot;background_background&quot;:&quot;classic&quot;}\">\n\t\t\t\t<div class=\"elementor-element elementor-element-3ba1aec elementor-widget elementor-widget-image\" data-id=\"3ba1aec\" data-element_type=\"widget\" data-e-type=\"widget\" data-widget_type=\"image.default\">\n\t\t\t\t<div class=\"elementor-widget-container\">\n\t\t\t\t\t\t\t\t\t\t\t\t\t\t\t<img loading=\"lazy\" decoding=\"async\" width=\"800\" height=\"646\" src=\"https:\/\/www.vonfuerstenberg.com\/wp-content\/uploads\/2025\/01\/gallery-courage.webp\" class=\"attachment-large size-large wp-image-244\" alt=\"\" srcset=\"https:\/\/www.vonfuerstenberg.com\/wp-content\/uploads\/2025\/01\/gallery-courage.webp 900w, https:\/\/www.vonfuerstenberg.com\/wp-content\/uploads\/2025\/01\/gallery-courage-300x242.webp 300w, https:\/\/www.vonfuerstenberg.com\/wp-content\/uploads\/2025\/01\/gallery-courage-768x620.webp 768w\" sizes=\"(max-width: 800px) 100vw, 800px\" \/>\t\t\t\t\t\t\t\t\t\t\t\t\t\t\t<\/div>\n\t\t\t\t<\/div>\n\t\t\t\t<div class=\"elementor-element elementor-element-256a71e elementor-widget elementor-widget-text-editor\" data-id=\"256a71e\" data-element_type=\"widget\" data-e-type=\"widget\" data-widget_type=\"text-editor.default\">\n\t\t\t\t<div class=\"elementor-widget-container\">\n\t\t\t\t\t\t\t\t\t<p><strong>Courage<\/strong> &#8211; Acryl auf Leinwand, 80\/100 cm, 2020<\/p>\t\t\t\t\t\t\t\t<\/div>\n\t\t\t\t<\/div>\n\t\t\t\t<\/div>\n\t\t<div class=\"elementor-element elementor-element-84f6c64 e-con-full e-flex e-con e-child\" data-id=\"84f6c64\" data-element_type=\"container\" data-e-type=\"container\" data-settings=\"{&quot;background_background&quot;:&quot;classic&quot;}\">\n\t\t\t\t<div class=\"elementor-element elementor-element-4748b85 elementor-widget elementor-widget-image\" data-id=\"4748b85\" data-element_type=\"widget\" data-e-type=\"widget\" data-widget_type=\"image.default\">\n\t\t\t\t<div class=\"elementor-widget-container\">\n\t\t\t\t\t\t\t\t\t\t\t\t\t\t\t<img loading=\"lazy\" decoding=\"async\" width=\"800\" height=\"640\" src=\"https:\/\/www.vonfuerstenberg.com\/wp-content\/uploads\/2025\/01\/Potpurri24_80.webp\" class=\"attachment-large size-large wp-image-247\" alt=\"\" srcset=\"https:\/\/www.vonfuerstenberg.com\/wp-content\/uploads\/2025\/01\/Potpurri24_80.webp 800w, https:\/\/www.vonfuerstenberg.com\/wp-content\/uploads\/2025\/01\/Potpurri24_80-300x240.webp 300w, https:\/\/www.vonfuerstenberg.com\/wp-content\/uploads\/2025\/01\/Potpurri24_80-768x614.webp 768w\" sizes=\"(max-width: 800px) 100vw, 800px\" \/>\t\t\t\t\t\t\t\t\t\t\t\t\t\t\t<\/div>\n\t\t\t\t<\/div>\n\t\t\t\t<div class=\"elementor-element elementor-element-a2a6b28 elementor-widget elementor-widget-text-editor\" data-id=\"a2a6b28\" data-element_type=\"widget\" data-e-type=\"widget\" data-widget_type=\"text-editor.default\">\n\t\t\t\t<div class=\"elementor-widget-container\">\n\t\t\t\t\t\t\t\t\t<p><strong>Potpurri des Lebens<\/strong> &#8211; Acryl auf Leinwand, 80\/70 cm, 2024<\/p>\t\t\t\t\t\t\t\t<\/div>\n\t\t\t\t<\/div>\n\t\t\t\t<\/div>\n\t\t\t\t<\/div>\n\t\t<div class=\"elementor-element elementor-element-26db9c9 e-con-full e-flex e-con e-child\" data-id=\"26db9c9\" data-element_type=\"container\" data-e-type=\"container\">\n\t\t<div class=\"elementor-element elementor-element-611547f e-con-full e-flex e-con e-child\" data-id=\"611547f\" data-element_type=\"container\" data-e-type=\"container\" data-settings=\"{&quot;background_background&quot;:&quot;classic&quot;}\">\n\t\t\t\t<div class=\"elementor-element elementor-element-89d62ab elementor-widget elementor-widget-image\" data-id=\"89d62ab\" data-element_type=\"widget\" data-e-type=\"widget\" data-widget_type=\"image.default\">\n\t\t\t\t<div class=\"elementor-widget-container\">\n\t\t\t\t\t\t\t\t\t\t\t\t\t\t\t<img loading=\"lazy\" decoding=\"async\" width=\"900\" height=\"894\" src=\"https:\/\/www.vonfuerstenberg.com\/wp-content\/uploads\/2024\/12\/gallery-art-grey-orange.webp\" class=\"attachment-full size-full wp-image-26\" alt=\"\" srcset=\"https:\/\/www.vonfuerstenberg.com\/wp-content\/uploads\/2024\/12\/gallery-art-grey-orange.webp 900w, https:\/\/www.vonfuerstenberg.com\/wp-content\/uploads\/2024\/12\/gallery-art-grey-orange-300x298.webp 300w, https:\/\/www.vonfuerstenberg.com\/wp-content\/uploads\/2024\/12\/gallery-art-grey-orange-150x150.webp 150w, https:\/\/www.vonfuerstenberg.com\/wp-content\/uploads\/2024\/12\/gallery-art-grey-orange-768x763.webp 768w\" sizes=\"(max-width: 900px) 100vw, 900px\" \/>\t\t\t\t\t\t\t\t\t\t\t\t\t\t\t<\/div>\n\t\t\t\t<\/div>\n\t\t\t\t<\/div>\n\t\t\t\t<\/div>\n\t\t<div class=\"elementor-element elementor-element-b0d5c98 e-con-full e-flex e-con e-child\" data-id=\"b0d5c98\" data-element_type=\"container\" data-e-type=\"container\">\n\t\t<div class=\"elementor-element elementor-element-447b175 e-con-full e-flex e-con e-child\" data-id=\"447b175\" data-element_type=\"container\" data-e-type=\"container\" data-settings=\"{&quot;background_background&quot;:&quot;classic&quot;}\">\n\t\t\t\t<div class=\"elementor-element elementor-element-a7e653b elementor-widget elementor-widget-image\" data-id=\"a7e653b\" data-element_type=\"widget\" data-e-type=\"widget\" data-widget_type=\"image.default\">\n\t\t\t\t<div class=\"elementor-widget-container\">\n\t\t\t\t\t\t\t\t\t\t\t\t\t\t\t<img loading=\"lazy\" decoding=\"async\" width=\"800\" height=\"640\" src=\"https:\/\/www.vonfuerstenberg.com\/wp-content\/uploads\/2025\/01\/Fruehlingssonate24_100.webp\" class=\"attachment-full size-full wp-image-249\" alt=\"\" srcset=\"https:\/\/www.vonfuerstenberg.com\/wp-content\/uploads\/2025\/01\/Fruehlingssonate24_100.webp 800w, https:\/\/www.vonfuerstenberg.com\/wp-content\/uploads\/2025\/01\/Fruehlingssonate24_100-300x240.webp 300w, https:\/\/www.vonfuerstenberg.com\/wp-content\/uploads\/2025\/01\/Fruehlingssonate24_100-768x614.webp 768w\" sizes=\"(max-width: 800px) 100vw, 800px\" \/>\t\t\t\t\t\t\t\t\t\t\t\t\t\t\t<\/div>\n\t\t\t\t<\/div>\n\t\t\t\t<div class=\"elementor-element elementor-element-55c1b96 elementor-widget elementor-widget-text-editor\" data-id=\"55c1b96\" data-element_type=\"widget\" data-e-type=\"widget\" data-widget_type=\"text-editor.default\">\n\t\t\t\t<div class=\"elementor-widget-container\">\n\t\t\t\t\t\t\t\t\t<p><strong>Fr\u00fchlingssonate<\/strong> &#8211; Acryl auf Leinwand<\/p>\t\t\t\t\t\t\t\t<\/div>\n\t\t\t\t<\/div>\n\t\t\t\t<\/div>\n\t\t\t\t<\/div>\n\t\t<div class=\"elementor-element elementor-element-3accdc0 e-con-full e-flex e-con e-child\" data-id=\"3accdc0\" data-element_type=\"container\" data-e-type=\"container\">\n\t\t<div class=\"elementor-element elementor-element-7cd7f91 e-con-full e-flex e-con e-child\" data-id=\"7cd7f91\" data-element_type=\"container\" data-e-type=\"container\" data-settings=\"{&quot;background_background&quot;:&quot;classic&quot;}\">\n\t\t\t\t<\/div>\n\t\t<div class=\"elementor-element elementor-element-55f6a75 e-con-full e-flex e-con e-child\" data-id=\"55f6a75\" data-element_type=\"container\" data-e-type=\"container\" data-settings=\"{&quot;background_background&quot;:&quot;classic&quot;}\">\n\t\t\t\t<div class=\"elementor-element elementor-element-6834eed elementor-widget elementor-widget-image\" data-id=\"6834eed\" data-element_type=\"widget\" data-e-type=\"widget\" data-widget_type=\"image.default\">\n\t\t\t\t<div class=\"elementor-widget-container\">\n\t\t\t\t\t\t\t\t\t\t\t\t\t\t\t<img loading=\"lazy\" decoding=\"async\" width=\"900\" height=\"727\" src=\"https:\/\/www.vonfuerstenberg.com\/wp-content\/uploads\/2025\/01\/gallery-art-1.webp\" class=\"attachment-full size-full wp-image-250\" alt=\"\" srcset=\"https:\/\/www.vonfuerstenberg.com\/wp-content\/uploads\/2025\/01\/gallery-art-1.webp 900w, https:\/\/www.vonfuerstenberg.com\/wp-content\/uploads\/2025\/01\/gallery-art-1-300x242.webp 300w, https:\/\/www.vonfuerstenberg.com\/wp-content\/uploads\/2025\/01\/gallery-art-1-768x620.webp 768w\" sizes=\"(max-width: 900px) 100vw, 900px\" \/>\t\t\t\t\t\t\t\t\t\t\t\t\t\t\t<\/div>\n\t\t\t\t<\/div>\n\t\t\t\t<\/div>\n\t\t\t\t<\/div>\n\t\t<div class=\"elementor-element elementor-element-53d7794 e-con-full e-flex e-con e-child\" data-id=\"53d7794\" data-element_type=\"container\" data-e-type=\"container\">\n\t\t<div class=\"elementor-element elementor-element-2a9d5b6 e-con-full e-flex e-con e-child\" data-id=\"2a9d5b6\" data-element_type=\"container\" data-e-type=\"container\" data-settings=\"{&quot;background_background&quot;:&quot;classic&quot;}\">\n\t\t\t\t<div class=\"elementor-element elementor-element-225397f elementor-widget elementor-widget-image\" data-id=\"225397f\" data-element_type=\"widget\" data-e-type=\"widget\" data-widget_type=\"image.default\">\n\t\t\t\t<div class=\"elementor-widget-container\">\n\t\t\t\t\t\t\t\t\t\t\t\t\t\t\t<img loading=\"lazy\" decoding=\"async\" width=\"800\" height=\"793\" src=\"https:\/\/www.vonfuerstenberg.com\/wp-content\/uploads\/2025\/01\/gallery-art-2.webp\" class=\"attachment-large size-large wp-image-251\" alt=\"\" srcset=\"https:\/\/www.vonfuerstenberg.com\/wp-content\/uploads\/2025\/01\/gallery-art-2.webp 900w, https:\/\/www.vonfuerstenberg.com\/wp-content\/uploads\/2025\/01\/gallery-art-2-300x297.webp 300w, https:\/\/www.vonfuerstenberg.com\/wp-content\/uploads\/2025\/01\/gallery-art-2-150x150.webp 150w, https:\/\/www.vonfuerstenberg.com\/wp-content\/uploads\/2025\/01\/gallery-art-2-768x761.webp 768w\" sizes=\"(max-width: 800px) 100vw, 800px\" \/>\t\t\t\t\t\t\t\t\t\t\t\t\t\t\t<\/div>\n\t\t\t\t<\/div>\n\t\t\t\t<\/div>\n\t\t<div class=\"elementor-element elementor-element-11369b0 e-con-full e-flex e-con e-child\" data-id=\"11369b0\" data-element_type=\"container\" data-e-type=\"container\" data-settings=\"{&quot;background_background&quot;:&quot;classic&quot;}\">\n\t\t\t\t<\/div>\n\t\t\t\t<\/div>\n\t\t<div class=\"elementor-element elementor-element-774e311 e-con-full e-flex e-con e-child\" data-id=\"774e311\" data-element_type=\"container\" data-e-type=\"container\">\n\t\t<div class=\"elementor-element elementor-element-4991422 e-con-full e-flex e-con e-child\" data-id=\"4991422\" data-element_type=\"container\" data-e-type=\"container\" data-settings=\"{&quot;background_background&quot;:&quot;classic&quot;}\">\n\t\t\t\t<\/div>\n\t\t<div class=\"elementor-element elementor-element-a08e572 e-con-full e-flex e-con e-child\" data-id=\"a08e572\" data-element_type=\"container\" data-e-type=\"container\" data-settings=\"{&quot;background_background&quot;:&quot;classic&quot;}\">\n\t\t\t\t<div class=\"elementor-element elementor-element-075955d elementor-widget elementor-widget-image\" data-id=\"075955d\" data-element_type=\"widget\" data-e-type=\"widget\" data-widget_type=\"image.default\">\n\t\t\t\t<div class=\"elementor-widget-container\">\n\t\t\t\t\t\t\t\t\t\t\t\t\t\t\t<img loading=\"lazy\" decoding=\"async\" width=\"900\" height=\"672\" src=\"https:\/\/www.vonfuerstenberg.com\/wp-content\/uploads\/2025\/01\/gallery-red-vibrance.webp\" class=\"attachment-full size-full wp-image-255\" alt=\"\" srcset=\"https:\/\/www.vonfuerstenberg.com\/wp-content\/uploads\/2025\/01\/gallery-red-vibrance.webp 900w, https:\/\/www.vonfuerstenberg.com\/wp-content\/uploads\/2025\/01\/gallery-red-vibrance-300x224.webp 300w, https:\/\/www.vonfuerstenberg.com\/wp-content\/uploads\/2025\/01\/gallery-red-vibrance-768x573.webp 768w\" sizes=\"(max-width: 900px) 100vw, 900px\" \/>\t\t\t\t\t\t\t\t\t\t\t\t\t\t\t<\/div>\n\t\t\t\t<\/div>\n\t\t\t\t<div class=\"elementor-element elementor-element-a000066 elementor-widget elementor-widget-text-editor\" data-id=\"a000066\" data-element_type=\"widget\" data-e-type=\"widget\" data-widget_type=\"text-editor.default\">\n\t\t\t\t<div class=\"elementor-widget-container\">\n\t\t\t\t\t\t\t\t\t<p><strong>Sylvester<\/strong> &#8211; Acryl auf Leinwand 80\/60 cm, 2024<\/p>\t\t\t\t\t\t\t\t<\/div>\n\t\t\t\t<\/div>\n\t\t\t\t<\/div>\n\t\t\t\t<\/div>\n\t\t<div class=\"elementor-element elementor-element-36e6896 e-con-full e-flex e-con e-child\" data-id=\"36e6896\" data-element_type=\"container\" data-e-type=\"container\">\n\t\t<div class=\"elementor-element elementor-element-2fe7bbe e-con-full e-flex e-con e-child\" data-id=\"2fe7bbe\" data-element_type=\"container\" data-e-type=\"container\" data-settings=\"{&quot;background_background&quot;:&quot;classic&quot;}\">\n\t\t\t\t<div class=\"elementor-element elementor-element-ae07508 elementor-widget elementor-widget-image\" data-id=\"ae07508\" data-element_type=\"widget\" data-e-type=\"widget\" data-widget_type=\"image.default\">\n\t\t\t\t<div class=\"elementor-widget-container\">\n\t\t\t\t\t\t\t\t\t\t\t\t\t\t\t<img loading=\"lazy\" decoding=\"async\" width=\"800\" height=\"600\" src=\"https:\/\/www.vonfuerstenberg.com\/wp-content\/uploads\/2025\/01\/KoeniginNacht23_100.webp\" class=\"attachment-large size-large wp-image-253\" alt=\"\" srcset=\"https:\/\/www.vonfuerstenberg.com\/wp-content\/uploads\/2025\/01\/KoeniginNacht23_100.webp 800w, https:\/\/www.vonfuerstenberg.com\/wp-content\/uploads\/2025\/01\/KoeniginNacht23_100-300x225.webp 300w, https:\/\/www.vonfuerstenberg.com\/wp-content\/uploads\/2025\/01\/KoeniginNacht23_100-768x576.webp 768w\" sizes=\"(max-width: 800px) 100vw, 800px\" \/>\t\t\t\t\t\t\t\t\t\t\t\t\t\t\t<\/div>\n\t\t\t\t<\/div>\n\t\t\t\t<div class=\"elementor-element elementor-element-1520f71 elementor-widget elementor-widget-text-editor\" data-id=\"1520f71\" data-element_type=\"widget\" data-e-type=\"widget\" data-widget_type=\"text-editor.default\">\n\t\t\t\t<div class=\"elementor-widget-container\">\n\t\t\t\t\t\t\t\t\t<p><strong>Die K\u00f6nigin der Nacht<\/strong> &#8211; Acryl auf Leinwand, \u00d814 cm, 2023<\/p>\t\t\t\t\t\t\t\t<\/div>\n\t\t\t\t<\/div>\n\t\t\t\t<\/div>\n\t\t\t\t<\/div>\n\t\t<div class=\"elementor-element elementor-element-4e1088c e-con-full e-flex e-con e-child\" data-id=\"4e1088c\" data-element_type=\"container\" data-e-type=\"container\">\n\t\t<div class=\"elementor-element elementor-element-108900f e-con-full e-flex e-con e-child\" data-id=\"108900f\" data-element_type=\"container\" data-e-type=\"container\" data-settings=\"{&quot;background_background&quot;:&quot;classic&quot;}\">\n\t\t\t\t<div class=\"elementor-element elementor-element-bbdda38 elementor-widget elementor-widget-image\" data-id=\"bbdda38\" data-element_type=\"widget\" data-e-type=\"widget\" data-widget_type=\"image.default\">\n\t\t\t\t<div class=\"elementor-widget-container\">\n\t\t\t\t\t\t\t\t\t\t\t\t\t\t\t<img loading=\"lazy\" decoding=\"async\" width=\"800\" height=\"586\" src=\"https:\/\/www.vonfuerstenberg.com\/wp-content\/uploads\/2025\/01\/gallery-blue-yellow.webp\" class=\"attachment-large size-large wp-image-256\" alt=\"\" srcset=\"https:\/\/www.vonfuerstenberg.com\/wp-content\/uploads\/2025\/01\/gallery-blue-yellow.webp 900w, https:\/\/www.vonfuerstenberg.com\/wp-content\/uploads\/2025\/01\/gallery-blue-yellow-300x220.webp 300w, https:\/\/www.vonfuerstenberg.com\/wp-content\/uploads\/2025\/01\/gallery-blue-yellow-768x562.webp 768w\" sizes=\"(max-width: 800px) 100vw, 800px\" \/>\t\t\t\t\t\t\t\t\t\t\t\t\t\t\t<\/div>\n\t\t\t\t<\/div>\n\t\t\t\t<div class=\"elementor-element elementor-element-faa8be7 elementor-widget elementor-widget-text-editor\" data-id=\"faa8be7\" data-element_type=\"widget\" data-e-type=\"widget\" data-widget_type=\"text-editor.default\">\n\t\t\t\t<div class=\"elementor-widget-container\">\n\t\t\t\t\t\t\t\t\t<p><strong>Don Carlos<\/strong> &#8211; Acryl auf Leinwand 80\/60 cm, 2022<\/p>\t\t\t\t\t\t\t\t<\/div>\n\t\t\t\t<\/div>\n\t\t\t\t<\/div>\n\t\t\t\t<\/div>\n\t\t<div class=\"elementor-element elementor-element-b5c82ce e-con-full e-flex e-con e-child\" data-id=\"b5c82ce\" data-element_type=\"container\" data-e-type=\"container\">\n\t\t<div class=\"elementor-element elementor-element-8b5bb8b e-con-full e-flex e-con e-child\" data-id=\"8b5bb8b\" data-element_type=\"container\" data-e-type=\"container\" data-settings=\"{&quot;background_background&quot;:&quot;classic&quot;}\">\n\t\t\t\t<div class=\"elementor-element elementor-element-424aced elementor-widget elementor-widget-image\" data-id=\"424aced\" data-element_type=\"widget\" data-e-type=\"widget\" data-widget_type=\"image.default\">\n\t\t\t\t<div class=\"elementor-widget-container\">\n\t\t\t\t\t\t\t\t\t\t\t\t\t\t\t<img loading=\"lazy\" decoding=\"async\" width=\"800\" height=\"654\" src=\"https:\/\/www.vonfuerstenberg.com\/wp-content\/uploads\/2024\/12\/gallery-feuerwerk.webp\" class=\"attachment-large size-large wp-image-32\" alt=\"\" srcset=\"https:\/\/www.vonfuerstenberg.com\/wp-content\/uploads\/2024\/12\/gallery-feuerwerk.webp 900w, https:\/\/www.vonfuerstenberg.com\/wp-content\/uploads\/2024\/12\/gallery-feuerwerk-300x245.webp 300w, https:\/\/www.vonfuerstenberg.com\/wp-content\/uploads\/2024\/12\/gallery-feuerwerk-768x628.webp 768w\" sizes=\"(max-width: 800px) 100vw, 800px\" \/>\t\t\t\t\t\t\t\t\t\t\t\t\t\t\t<\/div>\n\t\t\t\t<\/div>\n\t\t<div class=\"elementor-element elementor-element-6c8e37e e-con-full e-flex e-con e-child\" data-id=\"6c8e37e\" data-element_type=\"container\" data-e-type=\"container\">\n\t\t\t\t<div class=\"elementor-element elementor-element-f302bfb elementor-view-default elementor-widget elementor-widget-icon\" data-id=\"f302bfb\" data-element_type=\"widget\" data-e-type=\"widget\" data-widget_type=\"icon.default\">\n\t\t\t\t<div class=\"elementor-widget-container\">\n\t\t\t\t\t\t\t<div class=\"elementor-icon-wrapper\">\n\t\t\t<div class=\"elementor-icon\">\n\t\t\t<svg aria-hidden=\"true\" class=\"e-font-icon-svg e-fas-circle\" viewBox=\"0 0 512 512\" xmlns=\"http:\/\/www.w3.org\/2000\/svg\"><path d=\"M256 8C119 8 8 119 8 256s111 248 248 248 248-111 248-248S393 8 256 8z\"><\/path><\/svg>\t\t\t<\/div>\n\t\t<\/div>\n\t\t\t\t\t\t<\/div>\n\t\t\t\t<\/div>\n\t\t\t\t<div class=\"elementor-element elementor-element-a49941b elementor-widget elementor-widget-text-editor\" data-id=\"a49941b\" data-element_type=\"widget\" data-e-type=\"widget\" data-widget_type=\"text-editor.default\">\n\t\t\t\t<div class=\"elementor-widget-container\">\n\t\t\t\t\t\t\t\t\t<p>Verkauft<\/p>\t\t\t\t\t\t\t\t<\/div>\n\t\t\t\t<\/div>\n\t\t\t\t<div class=\"elementor-element elementor-element-138b2e3 elementor-widget elementor-widget-text-editor\" data-id=\"138b2e3\" data-element_type=\"widget\" data-e-type=\"widget\" data-widget_type=\"text-editor.default\">\n\t\t\t\t<div class=\"elementor-widget-container\">\n\t\t\t\t\t\t\t\t\t<p><strong>Feuerwerk<\/strong> &#8211; Acryl auf Leinwand, 100 x 120 cm<\/p>\t\t\t\t\t\t\t\t<\/div>\n\t\t\t\t<\/div>\n\t\t\t\t<\/div>\n\t\t\t\t<\/div>\n\t\t\t\t<\/div>\n\t\t\t\t\t<\/div>\n\t\t\t\t<\/div>\n\t\t\t\t<\/div>\n\t\t","protected":false},"excerpt":{"rendered":"<p>Verkauft Wakeup &#8211; Acryl auf Leinwand, 80 x 90 cm Gem\u00e4lde Meine Bilder sind geleitet von meinen Gef\u00fchlen, denn ich male was mir meine Seele erz\u00e4hlt. Ich m\u00f6chte die ungez\u00fcgelte Freiheit und Freude des Lebens schm\u00fccken. Fledermaus &#8211; Acryl auf Leinwand, 80 x 100 cm, 2026 Palme &#8211; Acryl auf Leinwand, 100&#215;110 cm, 2026 Teneriffa [&hellip;]<\/p>\n","protected":false},"author":1,"featured_media":0,"parent":0,"menu_order":0,"comment_status":"closed","ping_status":"closed","template":"","meta":{"footnotes":""},"class_list":["post-239","page","type-page","status-publish","hentry"],"_links":{"self":[{"href":"https:\/\/www.vonfuerstenberg.com\/index.php\/wp-json\/wp\/v2\/pages\/239","targetHints":{"allow":["GET"]}}],"collection":[{"href":"https:\/\/www.vonfuerstenberg.com\/index.php\/wp-json\/wp\/v2\/pages"}],"about":[{"href":"https:\/\/www.vonfuerstenberg.com\/index.php\/wp-json\/wp\/v2\/types\/page"}],"author":[{"embeddable":true,"href":"https:\/\/www.vonfuerstenberg.com\/index.php\/wp-json\/wp\/v2\/users\/1"}],"replies":[{"embeddable":true,"href":"https:\/\/www.vonfuerstenberg.com\/index.php\/wp-json\/wp\/v2\/comments?post=239"}],"version-history":[{"count":109,"href":"https:\/\/www.vonfuerstenberg.com\/index.php\/wp-json\/wp\/v2\/pages\/239\/revisions"}],"predecessor-version":[{"id":1275,"href":"https:\/\/www.vonfuerstenberg.com\/index.php\/wp-json\/wp\/v2\/pages\/239\/revisions\/1275"}],"wp:attachment":[{"href":"https:\/\/www.vonfuerstenberg.com\/index.php\/wp-json\/wp\/v2\/media?parent=239"}],"curies":[{"name":"wp","href":"https:\/\/api.w.org\/{rel}","templated":true}]}}