{"id":349,"date":"2025-01-21T09:46:43","date_gmt":"2025-01-21T09:46:43","guid":{"rendered":"https:\/\/www.vonfuerstenberg.com\/?page_id=349"},"modified":"2025-01-23T14:05:31","modified_gmt":"2025-01-23T14:05:31","slug":"news","status":"publish","type":"page","link":"https:\/\/www.vonfuerstenberg.com\/index.php\/news\/","title":{"rendered":"News"},"content":{"rendered":"\t\t<div data-elementor-type=\"wp-page\" data-elementor-id=\"349\" class=\"elementor elementor-349\" data-elementor-post-type=\"page\">\n\t\t\t\t<div class=\"elementor-element elementor-element-f5c4109 e-flex e-con-boxed e-con e-parent\" data-id=\"f5c4109\" data-element_type=\"container\" data-e-type=\"container\" data-settings=\"{&quot;background_background&quot;:&quot;classic&quot;}\">\n\t\t\t\t\t<div class=\"e-con-inner\">\n\t\t<div class=\"elementor-element elementor-element-3973309 e-con-full e-flex elementor-invisible e-con e-child\" data-id=\"3973309\" data-element_type=\"container\" data-e-type=\"container\" data-settings=\"{&quot;background_background&quot;:&quot;classic&quot;,&quot;animation&quot;:&quot;fadeIn&quot;}\">\n\t\t<div class=\"elementor-element elementor-element-e6db105 e-flex e-con-boxed e-con e-child\" data-id=\"e6db105\" data-element_type=\"container\" data-e-type=\"container\">\n\t\t\t\t\t<div class=\"e-con-inner\">\n\t\t\t\t<div class=\"elementor-element elementor-element-5f3f790 elementor-widget__width-inherit elementor-widget elementor-widget-image\" data-id=\"5f3f790\" data-element_type=\"widget\" data-e-type=\"widget\" data-widget_type=\"image.default\">\n\t\t\t\t<div class=\"elementor-widget-container\">\n\t\t\t\t\t\t\t\t\t\t\t\t\t\t\t<img fetchpriority=\"high\" decoding=\"async\" width=\"600\" height=\"400\" src=\"https:\/\/www.vonfuerstenberg.com\/wp-content\/uploads\/2025\/01\/trisor-event_von-fuerstenberg.webp\" class=\"attachment-large size-large wp-image-167\" alt=\"\" srcset=\"https:\/\/www.vonfuerstenberg.com\/wp-content\/uploads\/2025\/01\/trisor-event_von-fuerstenberg.webp 600w, https:\/\/www.vonfuerstenberg.com\/wp-content\/uploads\/2025\/01\/trisor-event_von-fuerstenberg-300x200.webp 300w\" sizes=\"(max-width: 600px) 100vw, 600px\" \/>\t\t\t\t\t\t\t\t\t\t\t\t\t\t\t<\/div>\n\t\t\t\t<\/div>\n\t\t\t\t\t<\/div>\n\t\t\t\t<\/div>\n\t\t<div class=\"elementor-element elementor-element-e08b16b e-flex e-con-boxed e-con e-child\" data-id=\"e08b16b\" data-element_type=\"container\" data-e-type=\"container\">\n\t\t\t\t\t<div class=\"e-con-inner\">\n\t\t\t\t<div class=\"elementor-element elementor-element-515213d elementor-widget elementor-widget-heading\" data-id=\"515213d\" data-element_type=\"widget\" data-e-type=\"widget\" data-widget_type=\"heading.default\">\n\t\t\t\t<div class=\"elementor-widget-container\">\n\t\t\t\t\t<h1 class=\"elementor-heading-title elementor-size-default\">News<\/h1>\t\t\t\t<\/div>\n\t\t\t\t<\/div>\n\t\t\t\t<div class=\"elementor-element elementor-element-fd85fa9 elementor-widget elementor-widget-text-editor\" data-id=\"fd85fa9\" data-element_type=\"widget\" data-e-type=\"widget\" data-widget_type=\"text-editor.default\">\n\t\t\t\t<div class=\"elementor-widget-container\">\n\t\t\t\t\t\t\t\t\t<p>Erfahren Sie alles \u00fcber aktuelle Projekte, spannende Ausstellungen und kommende Veranstaltungen \u2013 bleiben Sie stets informiert \u00fcber die News &amp; Events von Stefany von F\u00fcrstenberg.<\/p>\t\t\t\t\t\t\t\t<\/div>\n\t\t\t\t<\/div>\n\t\t\t\t\t<\/div>\n\t\t\t\t<\/div>\n\t\t\t\t<\/div>\n\t\t\t\t\t<\/div>\n\t\t\t\t<\/div>\n\t\t<div class=\"elementor-element elementor-element-fdffdc2 e-flex e-con-boxed e-con e-parent\" data-id=\"fdffdc2\" data-element_type=\"container\" data-e-type=\"container\">\n\t\t\t\t\t<div class=\"e-con-inner\">\n\t\t\t\t<div class=\"elementor-element elementor-element-b491f2f elementor-grid-3 elementor-grid-tablet-2 elementor-grid-mobile-1 elementor-posts--thumbnail-top elementor-card-shadow-yes elementor-posts__hover-gradient elementor-widget elementor-widget-posts\" data-id=\"b491f2f\" data-element_type=\"widget\" data-e-type=\"widget\" data-settings=\"{&quot;cards_columns&quot;:&quot;3&quot;,&quot;cards_columns_tablet&quot;:&quot;2&quot;,&quot;cards_columns_mobile&quot;:&quot;1&quot;,&quot;cards_row_gap&quot;:{&quot;unit&quot;:&quot;px&quot;,&quot;size&quot;:35,&quot;sizes&quot;:[]},&quot;cards_row_gap_tablet&quot;:{&quot;unit&quot;:&quot;px&quot;,&quot;size&quot;:&quot;&quot;,&quot;sizes&quot;:[]},&quot;cards_row_gap_mobile&quot;:{&quot;unit&quot;:&quot;px&quot;,&quot;size&quot;:&quot;&quot;,&quot;sizes&quot;:[]}}\" data-widget_type=\"posts.cards\">\n\t\t\t\t<div class=\"elementor-widget-container\">\n\t\t\t\t\t\t\t<div class=\"elementor-posts-container elementor-posts elementor-posts--skin-cards elementor-grid\" role=\"list\">\n\t\t\t\t<article class=\"elementor-post elementor-grid-item post-1166 post type-post status-publish format-standard has-post-thumbnail hentry category-uncategorized\" role=\"listitem\">\n\t\t\t<div class=\"elementor-post__card\">\n\t\t\t\t<a class=\"elementor-post__thumbnail__link\" href=\"https:\/\/www.vonfuerstenberg.com\/index.php\/2025\/03\/27\/stephany-von-fuersenenberg-erwaehnung-in-der-presse\/\" tabindex=\"-1\"><div class=\"elementor-post__thumbnail\"><img decoding=\"async\" width=\"300\" height=\"200\" src=\"https:\/\/www.vonfuerstenberg.com\/wp-content\/uploads\/2025\/03\/07-Free-A4-A5-Magazine-Mockup_neu-300x200.jpg\" class=\"attachment-medium size-medium wp-image-1167\" alt=\"\" srcset=\"https:\/\/www.vonfuerstenberg.com\/wp-content\/uploads\/2025\/03\/07-Free-A4-A5-Magazine-Mockup_neu-300x200.jpg 300w, https:\/\/www.vonfuerstenberg.com\/wp-content\/uploads\/2025\/03\/07-Free-A4-A5-Magazine-Mockup_neu-1024x683.jpg 1024w, https:\/\/www.vonfuerstenberg.com\/wp-content\/uploads\/2025\/03\/07-Free-A4-A5-Magazine-Mockup_neu-768x512.jpg 768w, https:\/\/www.vonfuerstenberg.com\/wp-content\/uploads\/2025\/03\/07-Free-A4-A5-Magazine-Mockup_neu.jpg 1050w\" sizes=\"(max-width: 300px) 100vw, 300px\" \/><\/div><\/a>\n\t\t\t\t<div class=\"elementor-post__text\">\n\t\t\t\t<h3 class=\"elementor-post__title\">\n\t\t\t<a href=\"https:\/\/www.vonfuerstenberg.com\/index.php\/2025\/03\/27\/stephany-von-fuersenenberg-erwaehnung-in-der-presse\/\">\n\t\t\t\tStephany von F\u00fcrstenberg erw\u00e4hnung in der Presse\t\t\t<\/a>\n\t\t<\/h3>\n\t\t\t\t<div class=\"elementor-post__excerpt\">\n\t\t\t<p>St\u00f6bern Sie durch eine Auswahl von Ver\u00f6ffentlichungen und Erw\u00e4hnungen.<\/p>\n\t\t<\/div>\n\t\t\n\t\t<a class=\"elementor-post__read-more\" href=\"https:\/\/www.vonfuerstenberg.com\/index.php\/2025\/03\/27\/stephany-von-fuersenenberg-erwaehnung-in-der-presse\/\" aria-label=\"Mehr \u00fcber Stephany von F\u00fcrstenberg erw\u00e4hnung in der Presse\" tabindex=\"-1\">\n\t\t\tWeiterlesen \u00bb\t\t<\/a>\n\n\t\t\t\t<\/div>\n\t\t\t\t<div class=\"elementor-post__meta-data\">\n\t\t\t\t\t<span class=\"elementor-post-date\">\n\t\t\tM\u00e4rz 27, 2025\t\t<\/span>\n\t\t\t\t<\/div>\n\t\t\t\t\t<\/div>\n\t\t<\/article>\n\t\t\t\t<article class=\"elementor-post elementor-grid-item post-425 post type-post status-publish format-standard has-post-thumbnail hentry category-uncategorized\" role=\"listitem\">\n\t\t\t<div class=\"elementor-post__card\">\n\t\t\t\t<a class=\"elementor-post__thumbnail__link\" href=\"https:\/\/www.vonfuerstenberg.com\/index.php\/2024\/12\/02\/trisor-event\/\" tabindex=\"-1\"><div class=\"elementor-post__thumbnail\"><img decoding=\"async\" width=\"300\" height=\"300\" src=\"https:\/\/www.vonfuerstenberg.com\/wp-content\/uploads\/2025\/01\/DSC_4612-300x300.jpg\" class=\"attachment-medium size-medium wp-image-511\" alt=\"\" srcset=\"https:\/\/www.vonfuerstenberg.com\/wp-content\/uploads\/2025\/01\/DSC_4612-300x300.jpg 300w, https:\/\/www.vonfuerstenberg.com\/wp-content\/uploads\/2025\/01\/DSC_4612-1024x1024.jpg 1024w, https:\/\/www.vonfuerstenberg.com\/wp-content\/uploads\/2025\/01\/DSC_4612-150x150.jpg 150w, https:\/\/www.vonfuerstenberg.com\/wp-content\/uploads\/2025\/01\/DSC_4612-768x768.jpg 768w, https:\/\/www.vonfuerstenberg.com\/wp-content\/uploads\/2025\/01\/DSC_4612-1536x1536.jpg 1536w, https:\/\/www.vonfuerstenberg.com\/wp-content\/uploads\/2025\/01\/DSC_4612-2048x2048.jpg 2048w\" sizes=\"(max-width: 300px) 100vw, 300px\" \/><\/div><\/a>\n\t\t\t\t<div class=\"elementor-post__text\">\n\t\t\t\t<h3 class=\"elementor-post__title\">\n\t\t\t<a href=\"https:\/\/www.vonfuerstenberg.com\/index.php\/2024\/12\/02\/trisor-event\/\">\n\t\t\t\tTRISOR &#8211; Event\t\t\t<\/a>\n\t\t<\/h3>\n\t\t\t\t<div class=\"elementor-post__excerpt\">\n\t\t\t<p>Kunst trifft Architektur \u2013 eine perfekte Symbiose bei Trisor M\u00fcnchen \u2728 Seit letzter Woche bereichert eine ganz besondere Kunstausstellung von Stephanie von F\u00fcrstenberg unseren Trisor-Standort<\/p>\n\t\t<\/div>\n\t\t\n\t\t<a class=\"elementor-post__read-more\" href=\"https:\/\/www.vonfuerstenberg.com\/index.php\/2024\/12\/02\/trisor-event\/\" aria-label=\"Mehr \u00fcber TRISOR &#8211; Event\" tabindex=\"-1\">\n\t\t\tWeiterlesen \u00bb\t\t<\/a>\n\n\t\t\t\t<\/div>\n\t\t\t\t<div class=\"elementor-post__meta-data\">\n\t\t\t\t\t<span class=\"elementor-post-date\">\n\t\t\tDezember 2, 2024\t\t<\/span>\n\t\t\t\t<\/div>\n\t\t\t\t\t<\/div>\n\t\t<\/article>\n\t\t\t\t<article class=\"elementor-post elementor-grid-item post-1053 post type-post status-publish format-standard has-post-thumbnail hentry category-uncategorized\" role=\"listitem\">\n\t\t\t<div class=\"elementor-post__card\">\n\t\t\t\t<a class=\"elementor-post__thumbnail__link\" href=\"https:\/\/www.vonfuerstenberg.com\/index.php\/2024\/11\/28\/hamad\/\" tabindex=\"-1\"><div class=\"elementor-post__thumbnail\"><img loading=\"lazy\" decoding=\"async\" width=\"300\" height=\"225\" src=\"https:\/\/www.vonfuerstenberg.com\/wp-content\/uploads\/2025\/02\/hamad_stefanie-beitragsbild-300x225.jpg\" class=\"attachment-medium size-medium wp-image-1063\" alt=\"\" srcset=\"https:\/\/www.vonfuerstenberg.com\/wp-content\/uploads\/2025\/02\/hamad_stefanie-beitragsbild-300x225.jpg 300w, https:\/\/www.vonfuerstenberg.com\/wp-content\/uploads\/2025\/02\/hamad_stefanie-beitragsbild.jpg 651w\" sizes=\"(max-width: 300px) 100vw, 300px\" \/><\/div><\/a>\n\t\t\t\t<div class=\"elementor-post__text\">\n\t\t\t\t<h3 class=\"elementor-post__title\">\n\t\t\t<a href=\"https:\/\/www.vonfuerstenberg.com\/index.php\/2024\/11\/28\/hamad\/\">\n\t\t\t\tDie gl\u00fcckliche Palme \u2013 Ein kreatives Meisterwerk von Hamad\t\t\t<\/a>\n\t\t<\/h3>\n\t\t\t\t<div class=\"elementor-post__excerpt\">\n\t\t\t<p>Der junge K\u00fcnstler Hamad und Stephanie von F\u00fcrstenberg haben gemeinsam in Gauting das Kunstwerk Die gl\u00fcckliche Palme geschaffen. Mit viel Freude und Kreativit\u00e4t ist ein<\/p>\n\t\t<\/div>\n\t\t\n\t\t<a class=\"elementor-post__read-more\" href=\"https:\/\/www.vonfuerstenberg.com\/index.php\/2024\/11\/28\/hamad\/\" aria-label=\"Mehr \u00fcber Die gl\u00fcckliche Palme \u2013 Ein kreatives Meisterwerk von Hamad\" tabindex=\"-1\">\n\t\t\tWeiterlesen \u00bb\t\t<\/a>\n\n\t\t\t\t<\/div>\n\t\t\t\t<div class=\"elementor-post__meta-data\">\n\t\t\t\t\t<span class=\"elementor-post-date\">\n\t\t\tNovember 28, 2024\t\t<\/span>\n\t\t\t\t<\/div>\n\t\t\t\t\t<\/div>\n\t\t<\/article>\n\t\t\t\t<article class=\"elementor-post elementor-grid-item post-624 post type-post status-publish format-standard has-post-thumbnail hentry category-uncategorized\" role=\"listitem\">\n\t\t\t<div class=\"elementor-post__card\">\n\t\t\t\t<a class=\"elementor-post__thumbnail__link\" href=\"https:\/\/www.vonfuerstenberg.com\/index.php\/2024\/05\/06\/vernissage-gauting\/\" tabindex=\"-1\"><div class=\"elementor-post__thumbnail\"><img loading=\"lazy\" decoding=\"async\" width=\"300\" height=\"225\" src=\"https:\/\/www.vonfuerstenberg.com\/wp-content\/uploads\/2024\/05\/gauting-2-300x225.webp\" class=\"attachment-medium size-medium wp-image-845\" alt=\"\" srcset=\"https:\/\/www.vonfuerstenberg.com\/wp-content\/uploads\/2024\/05\/gauting-2-300x225.webp 300w, https:\/\/www.vonfuerstenberg.com\/wp-content\/uploads\/2024\/05\/gauting-2-768x576.webp 768w, https:\/\/www.vonfuerstenberg.com\/wp-content\/uploads\/2024\/05\/gauting-2.webp 1000w\" sizes=\"(max-width: 300px) 100vw, 300px\" \/><\/div><\/a>\n\t\t\t\t<div class=\"elementor-post__text\">\n\t\t\t\t<h3 class=\"elementor-post__title\">\n\t\t\t<a href=\"https:\/\/www.vonfuerstenberg.com\/index.php\/2024\/05\/06\/vernissage-gauting\/\">\n\t\t\t\tVernissage Gauting\t\t\t<\/a>\n\t\t<\/h3>\n\t\t\t\t<div class=\"elementor-post__excerpt\">\n\t\t\t<p>Die K\u00fcnstlerin Jana H\u00f6chstetter, Stephanie von F\u00fcrstenberg und K\u00fcnstler Ricci Eckert freuen sich mit Euch auf eine originelle Veranstaltung. Die Ausstellung kann bis zum 26.06.2024<\/p>\n\t\t<\/div>\n\t\t\n\t\t<a class=\"elementor-post__read-more\" href=\"https:\/\/www.vonfuerstenberg.com\/index.php\/2024\/05\/06\/vernissage-gauting\/\" aria-label=\"Mehr \u00fcber Vernissage Gauting\" tabindex=\"-1\">\n\t\t\tWeiterlesen \u00bb\t\t<\/a>\n\n\t\t\t\t<\/div>\n\t\t\t\t<div class=\"elementor-post__meta-data\">\n\t\t\t\t\t<span class=\"elementor-post-date\">\n\t\t\tMai 6, 2024\t\t<\/span>\n\t\t\t\t<\/div>\n\t\t\t\t\t<\/div>\n\t\t<\/article>\n\t\t\t\t<article class=\"elementor-post elementor-grid-item post-619 post type-post status-publish format-standard has-post-thumbnail hentry category-uncategorized\" role=\"listitem\">\n\t\t\t<div class=\"elementor-post__card\">\n\t\t\t\t<a class=\"elementor-post__thumbnail__link\" href=\"https:\/\/www.vonfuerstenberg.com\/index.php\/2023\/10\/31\/ausstellung-suedkorea\/\" tabindex=\"-1\"><div class=\"elementor-post__thumbnail\"><img loading=\"lazy\" decoding=\"async\" width=\"300\" height=\"225\" src=\"https:\/\/www.vonfuerstenberg.com\/wp-content\/uploads\/2025\/01\/gallery-wahnsinn-300x225.webp\" class=\"attachment-medium size-medium wp-image-242\" alt=\"\" srcset=\"https:\/\/www.vonfuerstenberg.com\/wp-content\/uploads\/2025\/01\/gallery-wahnsinn-300x225.webp 300w, https:\/\/www.vonfuerstenberg.com\/wp-content\/uploads\/2025\/01\/gallery-wahnsinn-768x577.webp 768w, https:\/\/www.vonfuerstenberg.com\/wp-content\/uploads\/2025\/01\/gallery-wahnsinn.webp 900w\" sizes=\"(max-width: 300px) 100vw, 300px\" \/><\/div><\/a>\n\t\t\t\t<div class=\"elementor-post__text\">\n\t\t\t\t<h3 class=\"elementor-post__title\">\n\t\t\t<a href=\"https:\/\/www.vonfuerstenberg.com\/index.php\/2023\/10\/31\/ausstellung-suedkorea\/\">\n\t\t\t\tAusstellung S\u00fcdkorea\t\t\t<\/a>\n\t\t<\/h3>\n\t\t\t\t<div class=\"elementor-post__excerpt\">\n\t\t\t<p>Sonderausstellung im Haegeumgang Theme Museum, Yukyung Art Museum in Geoje, S\u00fcdkorea mit ausgew\u00e4hlten K\u00fcnstlern.<\/p>\n\t\t<\/div>\n\t\t\n\t\t<a class=\"elementor-post__read-more\" href=\"https:\/\/www.vonfuerstenberg.com\/index.php\/2023\/10\/31\/ausstellung-suedkorea\/\" aria-label=\"Mehr \u00fcber Ausstellung S\u00fcdkorea\" tabindex=\"-1\">\n\t\t\tWeiterlesen \u00bb\t\t<\/a>\n\n\t\t\t\t<\/div>\n\t\t\t\t<div class=\"elementor-post__meta-data\">\n\t\t\t\t\t<span class=\"elementor-post-date\">\n\t\t\tOktober 31, 2023\t\t<\/span>\n\t\t\t\t<\/div>\n\t\t\t\t\t<\/div>\n\t\t<\/article>\n\t\t\t\t<article class=\"elementor-post elementor-grid-item post-604 post type-post status-publish format-standard has-post-thumbnail hentry category-uncategorized\" role=\"listitem\">\n\t\t\t<div class=\"elementor-post__card\">\n\t\t\t\t<a class=\"elementor-post__thumbnail__link\" href=\"https:\/\/www.vonfuerstenberg.com\/index.php\/2023\/04\/02\/obertor-in-chur\/\" tabindex=\"-1\"><div class=\"elementor-post__thumbnail\"><img loading=\"lazy\" decoding=\"async\" width=\"300\" height=\"220\" src=\"https:\/\/www.vonfuerstenberg.com\/wp-content\/uploads\/2025\/01\/gallery-blue-yellow-300x220.webp\" class=\"attachment-medium size-medium wp-image-256\" alt=\"\" srcset=\"https:\/\/www.vonfuerstenberg.com\/wp-content\/uploads\/2025\/01\/gallery-blue-yellow-300x220.webp 300w, https:\/\/www.vonfuerstenberg.com\/wp-content\/uploads\/2025\/01\/gallery-blue-yellow-768x562.webp 768w, https:\/\/www.vonfuerstenberg.com\/wp-content\/uploads\/2025\/01\/gallery-blue-yellow.webp 900w\" sizes=\"(max-width: 300px) 100vw, 300px\" \/><\/div><\/a>\n\t\t\t\t<div class=\"elementor-post__text\">\n\t\t\t\t<h3 class=\"elementor-post__title\">\n\t\t\t<a href=\"https:\/\/www.vonfuerstenberg.com\/index.php\/2023\/04\/02\/obertor-in-chur\/\">\n\t\t\t\tVernissage Galerie Obertor in Chur\t\t\t<\/a>\n\t\t<\/h3>\n\t\t\t\t<div class=\"elementor-post__excerpt\">\n\t\t\t<p>Ausstellung &#8222;Lebensfreude&#8220; in der Galerie Obertor in Chur.<\/p>\n\t\t<\/div>\n\t\t\n\t\t<a class=\"elementor-post__read-more\" href=\"https:\/\/www.vonfuerstenberg.com\/index.php\/2023\/04\/02\/obertor-in-chur\/\" aria-label=\"Mehr \u00fcber Vernissage Galerie Obertor in Chur\" tabindex=\"-1\">\n\t\t\tWeiterlesen \u00bb\t\t<\/a>\n\n\t\t\t\t<\/div>\n\t\t\t\t<div class=\"elementor-post__meta-data\">\n\t\t\t\t\t<span class=\"elementor-post-date\">\n\t\t\tApril 2, 2023\t\t<\/span>\n\t\t\t\t<\/div>\n\t\t\t\t\t<\/div>\n\t\t<\/article>\n\t\t\t\t<article class=\"elementor-post elementor-grid-item post-1026 post type-post status-publish format-standard has-post-thumbnail hentry category-uncategorized\" role=\"listitem\">\n\t\t\t<div class=\"elementor-post__card\">\n\t\t\t\t<a class=\"elementor-post__thumbnail__link\" href=\"https:\/\/www.vonfuerstenberg.com\/index.php\/2022\/02\/10\/kunst-in-neuer-form-gemaelde-trifft-textil\/\" tabindex=\"-1\"><div class=\"elementor-post__thumbnail\"><img loading=\"lazy\" decoding=\"async\" width=\"300\" height=\"199\" src=\"https:\/\/www.vonfuerstenberg.com\/wp-content\/uploads\/2025\/02\/teppich-stefanie-300x199.jpg\" class=\"attachment-medium size-medium wp-image-1068\" alt=\"\" srcset=\"https:\/\/www.vonfuerstenberg.com\/wp-content\/uploads\/2025\/02\/teppich-stefanie-300x199.jpg 300w, https:\/\/www.vonfuerstenberg.com\/wp-content\/uploads\/2025\/02\/teppich-stefanie.jpg 600w\" sizes=\"(max-width: 300px) 100vw, 300px\" \/><\/div><\/a>\n\t\t\t\t<div class=\"elementor-post__text\">\n\t\t\t\t<h3 class=\"elementor-post__title\">\n\t\t\t<a href=\"https:\/\/www.vonfuerstenberg.com\/index.php\/2022\/02\/10\/kunst-in-neuer-form-gemaelde-trifft-textil\/\">\n\t\t\t\tKunst in neuer Form \u2013 Gem\u00e4lde trifft Textil\t\t\t<\/a>\n\t\t<\/h3>\n\t\t\t\t<div class=\"elementor-post__excerpt\">\n\t\t\t<p>Geschenk meines Lebens. Witzig, originell, Lebens- und Farbenfroh! Stephanie von F\u00fcrstenberg hat eines ihrer Werke auf besondere Weise neu interpretiert: Ein Gem\u00e4lde wurde kunstvoll in<\/p>\n\t\t<\/div>\n\t\t\n\t\t<a class=\"elementor-post__read-more\" href=\"https:\/\/www.vonfuerstenberg.com\/index.php\/2022\/02\/10\/kunst-in-neuer-form-gemaelde-trifft-textil\/\" aria-label=\"Mehr \u00fcber Kunst in neuer Form \u2013 Gem\u00e4lde trifft Textil\" tabindex=\"-1\">\n\t\t\tWeiterlesen \u00bb\t\t<\/a>\n\n\t\t\t\t<\/div>\n\t\t\t\t<div class=\"elementor-post__meta-data\">\n\t\t\t\t\t<span class=\"elementor-post-date\">\n\t\t\tFebruar 10, 2022\t\t<\/span>\n\t\t\t\t<\/div>\n\t\t\t\t\t<\/div>\n\t\t<\/article>\n\t\t\t\t<article class=\"elementor-post elementor-grid-item post-602 post type-post status-publish format-standard has-post-thumbnail hentry category-uncategorized\" role=\"listitem\">\n\t\t\t<div class=\"elementor-post__card\">\n\t\t\t\t<a class=\"elementor-post__thumbnail__link\" href=\"https:\/\/www.vonfuerstenberg.com\/index.php\/2022\/01\/21\/vernissage-lesarts\/\" tabindex=\"-1\"><div class=\"elementor-post__thumbnail\"><img loading=\"lazy\" decoding=\"async\" width=\"300\" height=\"224\" src=\"https:\/\/www.vonfuerstenberg.com\/wp-content\/uploads\/2025\/01\/gallery-red-vibrance-300x224.webp\" class=\"attachment-medium size-medium wp-image-255\" alt=\"\" srcset=\"https:\/\/www.vonfuerstenberg.com\/wp-content\/uploads\/2025\/01\/gallery-red-vibrance-300x224.webp 300w, https:\/\/www.vonfuerstenberg.com\/wp-content\/uploads\/2025\/01\/gallery-red-vibrance-768x573.webp 768w, https:\/\/www.vonfuerstenberg.com\/wp-content\/uploads\/2025\/01\/gallery-red-vibrance.webp 900w\" sizes=\"(max-width: 300px) 100vw, 300px\" \/><\/div><\/a>\n\t\t\t\t<div class=\"elementor-post__text\">\n\t\t\t\t<h3 class=\"elementor-post__title\">\n\t\t\t<a href=\"https:\/\/www.vonfuerstenberg.com\/index.php\/2022\/01\/21\/vernissage-lesarts\/\">\n\t\t\t\tVernissage lesARTs\t\t\t<\/a>\n\t\t<\/h3>\n\t\t\t\t<div class=\"elementor-post__excerpt\">\n\t\t\t<p>am 07.01.2022 sind die Werke von Stephanie von F\u00fcrstenberg in der Galerie &#8222;lesARTs moderne Kunst&#8220; bei Kempter Buch in der Stefanienstr.1 82041 Oberhaching\/ Deisenhofen zu<\/p>\n\t\t<\/div>\n\t\t\n\t\t<a class=\"elementor-post__read-more\" href=\"https:\/\/www.vonfuerstenberg.com\/index.php\/2022\/01\/21\/vernissage-lesarts\/\" aria-label=\"Mehr \u00fcber Vernissage lesARTs\" tabindex=\"-1\">\n\t\t\tWeiterlesen \u00bb\t\t<\/a>\n\n\t\t\t\t<\/div>\n\t\t\t\t<div class=\"elementor-post__meta-data\">\n\t\t\t\t\t<span class=\"elementor-post-date\">\n\t\t\tJanuar 21, 2022\t\t<\/span>\n\t\t\t\t<\/div>\n\t\t\t\t\t<\/div>\n\t\t<\/article>\n\t\t\t\t<article class=\"elementor-post elementor-grid-item post-599 post type-post status-publish format-standard has-post-thumbnail hentry category-uncategorized\" role=\"listitem\">\n\t\t\t<div class=\"elementor-post__card\">\n\t\t\t\t<a class=\"elementor-post__thumbnail__link\" href=\"https:\/\/www.vonfuerstenberg.com\/index.php\/2021\/09\/17\/vernissage\/\" tabindex=\"-1\"><div class=\"elementor-post__thumbnail\"><img loading=\"lazy\" decoding=\"async\" width=\"300\" height=\"200\" src=\"https:\/\/www.vonfuerstenberg.com\/wp-content\/uploads\/2025\/01\/vernissage-gauting-1-300x200.jpg\" class=\"attachment-medium size-medium wp-image-600\" alt=\"\" srcset=\"https:\/\/www.vonfuerstenberg.com\/wp-content\/uploads\/2025\/01\/vernissage-gauting-1-300x200.jpg 300w, https:\/\/www.vonfuerstenberg.com\/wp-content\/uploads\/2025\/01\/vernissage-gauting-1-768x512.jpg 768w, https:\/\/www.vonfuerstenberg.com\/wp-content\/uploads\/2025\/01\/vernissage-gauting-1.jpg 800w\" sizes=\"(max-width: 300px) 100vw, 300px\" \/><\/div><\/a>\n\t\t\t\t<div class=\"elementor-post__text\">\n\t\t\t\t<h3 class=\"elementor-post__title\">\n\t\t\t<a href=\"https:\/\/www.vonfuerstenberg.com\/index.php\/2021\/09\/17\/vernissage\/\">\n\t\t\t\tVernissage\t\t\t<\/a>\n\t\t<\/h3>\n\t\t\t\t<div class=\"elementor-post__excerpt\">\n\t\t\t<p>Vernissage in Gauting &#8222;Stephanie und Stephan&#8220;<\/p>\n\t\t<\/div>\n\t\t\n\t\t<a class=\"elementor-post__read-more\" href=\"https:\/\/www.vonfuerstenberg.com\/index.php\/2021\/09\/17\/vernissage\/\" aria-label=\"Mehr \u00fcber Vernissage\" tabindex=\"-1\">\n\t\t\tWeiterlesen \u00bb\t\t<\/a>\n\n\t\t\t\t<\/div>\n\t\t\t\t<div class=\"elementor-post__meta-data\">\n\t\t\t\t\t<span class=\"elementor-post-date\">\n\t\t\tSeptember 17, 2021\t\t<\/span>\n\t\t\t\t<\/div>\n\t\t\t\t\t<\/div>\n\t\t<\/article>\n\t\t\t\t<article class=\"elementor-post elementor-grid-item post-596 post type-post status-publish format-standard has-post-thumbnail hentry category-uncategorized\" role=\"listitem\">\n\t\t\t<div class=\"elementor-post__card\">\n\t\t\t\t<a class=\"elementor-post__thumbnail__link\" href=\"https:\/\/www.vonfuerstenberg.com\/index.php\/2020\/01\/09\/vitrine-an-der-oper-muenchen\/\" tabindex=\"-1\"><div class=\"elementor-post__thumbnail\"><img loading=\"lazy\" decoding=\"async\" width=\"300\" height=\"300\" src=\"https:\/\/www.vonfuerstenberg.com\/wp-content\/uploads\/2025\/01\/oper-muenchen-300x300.jpg\" class=\"attachment-medium size-medium wp-image-597\" alt=\"\" srcset=\"https:\/\/www.vonfuerstenberg.com\/wp-content\/uploads\/2025\/01\/oper-muenchen-300x300.jpg 300w, https:\/\/www.vonfuerstenberg.com\/wp-content\/uploads\/2025\/01\/oper-muenchen-150x150.jpg 150w, https:\/\/www.vonfuerstenberg.com\/wp-content\/uploads\/2025\/01\/oper-muenchen-768x768.jpg 768w, https:\/\/www.vonfuerstenberg.com\/wp-content\/uploads\/2025\/01\/oper-muenchen.jpg 800w\" sizes=\"(max-width: 300px) 100vw, 300px\" \/><\/div><\/a>\n\t\t\t\t<div class=\"elementor-post__text\">\n\t\t\t\t<h3 class=\"elementor-post__title\">\n\t\t\t<a href=\"https:\/\/www.vonfuerstenberg.com\/index.php\/2020\/01\/09\/vitrine-an-der-oper-muenchen\/\">\n\t\t\t\tVitrine an der Oper M\u00fcnchen\t\t\t<\/a>\n\t\t<\/h3>\n\t\t\t\t<div class=\"elementor-post__excerpt\">\n\t\t\t<p>In kreativer Zusammenarbeit mit der Goldschmiede Kaddick pr\u00e4sentierte Stephanie von F\u00fcrstenberg Kunst und Schmuck in einem gemeinsamen Schaufenster in der Oper M\u00fcnchen.<\/p>\n\t\t<\/div>\n\t\t\n\t\t<a class=\"elementor-post__read-more\" href=\"https:\/\/www.vonfuerstenberg.com\/index.php\/2020\/01\/09\/vitrine-an-der-oper-muenchen\/\" aria-label=\"Mehr \u00fcber Vitrine an der Oper M\u00fcnchen\" tabindex=\"-1\">\n\t\t\tWeiterlesen \u00bb\t\t<\/a>\n\n\t\t\t\t<\/div>\n\t\t\t\t<div class=\"elementor-post__meta-data\">\n\t\t\t\t\t<span class=\"elementor-post-date\">\n\t\t\tJanuar 9, 2020\t\t<\/span>\n\t\t\t\t<\/div>\n\t\t\t\t\t<\/div>\n\t\t<\/article>\n\t\t\t\t<article class=\"elementor-post elementor-grid-item post-583 post type-post status-publish format-standard has-post-thumbnail hentry category-uncategorized\" role=\"listitem\">\n\t\t\t<div class=\"elementor-post__card\">\n\t\t\t\t<a class=\"elementor-post__thumbnail__link\" href=\"https:\/\/www.vonfuerstenberg.com\/index.php\/2018\/01\/01\/zusammenarbeit-teuscher\/\" tabindex=\"-1\"><div class=\"elementor-post__thumbnail\"><img loading=\"lazy\" decoding=\"async\" width=\"300\" height=\"141\" src=\"https:\/\/www.vonfuerstenberg.com\/wp-content\/uploads\/2025\/01\/zusammenatbeit-Teuscher-Chocolates-300x141.jpg\" class=\"attachment-medium size-medium wp-image-585\" alt=\"\" srcset=\"https:\/\/www.vonfuerstenberg.com\/wp-content\/uploads\/2025\/01\/zusammenatbeit-Teuscher-Chocolates-300x141.jpg 300w, https:\/\/www.vonfuerstenberg.com\/wp-content\/uploads\/2025\/01\/zusammenatbeit-Teuscher-Chocolates-768x361.jpg 768w, https:\/\/www.vonfuerstenberg.com\/wp-content\/uploads\/2025\/01\/zusammenatbeit-Teuscher-Chocolates.jpg 800w\" sizes=\"(max-width: 300px) 100vw, 300px\" \/><\/div><\/a>\n\t\t\t\t<div class=\"elementor-post__text\">\n\t\t\t\t<h3 class=\"elementor-post__title\">\n\t\t\t<a href=\"https:\/\/www.vonfuerstenberg.com\/index.php\/2018\/01\/01\/zusammenarbeit-teuscher\/\">\n\t\t\t\tZusammenarbeit mit Teuscher Chocolates\t\t\t<\/a>\n\t\t<\/h3>\n\t\t\t\t<div class=\"elementor-post__excerpt\">\n\t\t\t<p>Zusammenarbeit mit Teuscher Chocolates of Switzerland in Z\u00fcrich Stephanies Gem\u00e4lde &#8218;Seeblick&#8216; versch\u00f6nert eine von&nbsp;Teuschers ber\u00fchmten Pralinenschachteln. Die dazugeh\u00f6rende Kunstkarte kann auch in einigen ausgew\u00e4hlten Teuscher<\/p>\n\t\t<\/div>\n\t\t\n\t\t<a class=\"elementor-post__read-more\" href=\"https:\/\/www.vonfuerstenberg.com\/index.php\/2018\/01\/01\/zusammenarbeit-teuscher\/\" aria-label=\"Mehr \u00fcber Zusammenarbeit mit Teuscher Chocolates\" tabindex=\"-1\">\n\t\t\tWeiterlesen \u00bb\t\t<\/a>\n\n\t\t\t\t<\/div>\n\t\t\t\t<div class=\"elementor-post__meta-data\">\n\t\t\t\t\t<span class=\"elementor-post-date\">\n\t\t\tJanuar 1, 2018\t\t<\/span>\n\t\t\t\t<\/div>\n\t\t\t\t\t<\/div>\n\t\t<\/article>\n\t\t\t\t<article class=\"elementor-post elementor-grid-item post-578 post type-post status-publish format-standard has-post-thumbnail hentry category-uncategorized\" role=\"listitem\">\n\t\t\t<div class=\"elementor-post__card\">\n\t\t\t\t<a class=\"elementor-post__thumbnail__link\" href=\"https:\/\/www.vonfuerstenberg.com\/index.php\/2017\/11\/29\/vernissage-in-new-york-city\/\" tabindex=\"-1\"><div class=\"elementor-post__thumbnail\"><img loading=\"lazy\" decoding=\"async\" width=\"300\" height=\"247\" src=\"https:\/\/www.vonfuerstenberg.com\/wp-content\/uploads\/2025\/01\/vernissage-new_york-300x247.jpg\" class=\"attachment-medium size-medium wp-image-579\" alt=\"\" srcset=\"https:\/\/www.vonfuerstenberg.com\/wp-content\/uploads\/2025\/01\/vernissage-new_york-300x247.jpg 300w, https:\/\/www.vonfuerstenberg.com\/wp-content\/uploads\/2025\/01\/vernissage-new_york-768x632.jpg 768w, https:\/\/www.vonfuerstenberg.com\/wp-content\/uploads\/2025\/01\/vernissage-new_york.jpg 800w\" sizes=\"(max-width: 300px) 100vw, 300px\" \/><\/div><\/a>\n\t\t\t\t<div class=\"elementor-post__text\">\n\t\t\t\t<h3 class=\"elementor-post__title\">\n\t\t\t<a href=\"https:\/\/www.vonfuerstenberg.com\/index.php\/2017\/11\/29\/vernissage-in-new-york-city\/\">\n\t\t\t\tVernissage in New York City\t\t\t<\/a>\n\t\t<\/h3>\n\t\t\t\t<div class=\"elementor-post__excerpt\">\n\t\t\t<p>Grossartige Neuigkeiten! Stephanie von F\u00fcrstenberg stellt ihre Kunst zum ersten Mal in New York City aus. Wieso nicht einen Besuch der Ausstellung mit Christmas Shopping<\/p>\n\t\t<\/div>\n\t\t\n\t\t<a class=\"elementor-post__read-more\" href=\"https:\/\/www.vonfuerstenberg.com\/index.php\/2017\/11\/29\/vernissage-in-new-york-city\/\" aria-label=\"Mehr \u00fcber Vernissage in New York City\" tabindex=\"-1\">\n\t\t\tWeiterlesen \u00bb\t\t<\/a>\n\n\t\t\t\t<\/div>\n\t\t\t\t<div class=\"elementor-post__meta-data\">\n\t\t\t\t\t<span class=\"elementor-post-date\">\n\t\t\tNovember 29, 2017\t\t<\/span>\n\t\t\t\t<\/div>\n\t\t\t\t\t<\/div>\n\t\t<\/article>\n\t\t\t\t<article class=\"elementor-post elementor-grid-item post-536 post type-post status-publish format-standard has-post-thumbnail hentry category-uncategorized\" role=\"listitem\">\n\t\t\t<div class=\"elementor-post__card\">\n\t\t\t\t<a class=\"elementor-post__thumbnail__link\" href=\"https:\/\/www.vonfuerstenberg.com\/index.php\/2017\/11\/25\/vernissage-in-zuerich\/\" tabindex=\"-1\"><div class=\"elementor-post__thumbnail\"><img loading=\"lazy\" decoding=\"async\" width=\"300\" height=\"236\" src=\"https:\/\/www.vonfuerstenberg.com\/wp-content\/uploads\/2025\/01\/vernissage-zuerich-300x236.jpg\" class=\"attachment-medium size-medium wp-image-538\" alt=\"\" srcset=\"https:\/\/www.vonfuerstenberg.com\/wp-content\/uploads\/2025\/01\/vernissage-zuerich-300x236.jpg 300w, https:\/\/www.vonfuerstenberg.com\/wp-content\/uploads\/2025\/01\/vernissage-zuerich-768x604.jpg 768w, https:\/\/www.vonfuerstenberg.com\/wp-content\/uploads\/2025\/01\/vernissage-zuerich.jpg 800w\" sizes=\"(max-width: 300px) 100vw, 300px\" \/><\/div><\/a>\n\t\t\t\t<div class=\"elementor-post__text\">\n\t\t\t\t<h3 class=\"elementor-post__title\">\n\t\t\t<a href=\"https:\/\/www.vonfuerstenberg.com\/index.php\/2017\/11\/25\/vernissage-in-zuerich\/\">\n\t\t\t\tVernissage in Z\u00fcrich\t\t\t<\/a>\n\t\t<\/h3>\n\t\t\t\t<div class=\"elementor-post__excerpt\">\n\t\t\t<p>Bald ist es wieder soweit! Stephanie von F\u00fcrstenberg stellt ihre neuesten Werke in der Gallerie Elten &amp; Elten in Z\u00fcrich aus. Reservieren Sie sich dieses<\/p>\n\t\t<\/div>\n\t\t\n\t\t<a class=\"elementor-post__read-more\" href=\"https:\/\/www.vonfuerstenberg.com\/index.php\/2017\/11\/25\/vernissage-in-zuerich\/\" aria-label=\"Mehr \u00fcber Vernissage in Z\u00fcrich\" tabindex=\"-1\">\n\t\t\tWeiterlesen \u00bb\t\t<\/a>\n\n\t\t\t\t<\/div>\n\t\t\t\t<div class=\"elementor-post__meta-data\">\n\t\t\t\t\t<span class=\"elementor-post-date\">\n\t\t\tNovember 25, 2017\t\t<\/span>\n\t\t\t\t<\/div>\n\t\t\t\t\t<\/div>\n\t\t<\/article>\n\t\t\t\t<article class=\"elementor-post elementor-grid-item post-465 post type-post status-publish format-standard has-post-thumbnail hentry category-uncategorized\" role=\"listitem\">\n\t\t\t<div class=\"elementor-post__card\">\n\t\t\t\t<a class=\"elementor-post__thumbnail__link\" href=\"https:\/\/www.vonfuerstenberg.com\/index.php\/2016\/12\/01\/vernissage-in-richterswil\/\" tabindex=\"-1\"><div class=\"elementor-post__thumbnail\"><img loading=\"lazy\" decoding=\"async\" width=\"300\" height=\"120\" src=\"https:\/\/www.vonfuerstenberg.com\/wp-content\/uploads\/2025\/01\/vernissage_richterswil-300x120.jpg\" class=\"attachment-medium size-medium wp-image-466\" alt=\"\" srcset=\"https:\/\/www.vonfuerstenberg.com\/wp-content\/uploads\/2025\/01\/vernissage_richterswil-300x120.jpg 300w, https:\/\/www.vonfuerstenberg.com\/wp-content\/uploads\/2025\/01\/vernissage_richterswil.jpg 550w\" sizes=\"(max-width: 300px) 100vw, 300px\" \/><\/div><\/a>\n\t\t\t\t<div class=\"elementor-post__text\">\n\t\t\t\t<h3 class=\"elementor-post__title\">\n\t\t\t<a href=\"https:\/\/www.vonfuerstenberg.com\/index.php\/2016\/12\/01\/vernissage-in-richterswil\/\">\n\t\t\t\tVernissage in Richterswil\t\t\t<\/a>\n\t\t<\/h3>\n\t\t\t\t<div class=\"elementor-post__excerpt\">\n\t\t\t<p>Nicols Fine Art&nbsp;in Richterswil veranstaltet Stephanies n\u00e4chste Vernissage in der Schweiz. Die kleine aber feine&nbsp;Galerie stellt ausgew\u00e4hlte Werke und Schmuck von&nbsp;Stephanie aus. Die Galerie Nicols<\/p>\n\t\t<\/div>\n\t\t\n\t\t<a class=\"elementor-post__read-more\" href=\"https:\/\/www.vonfuerstenberg.com\/index.php\/2016\/12\/01\/vernissage-in-richterswil\/\" aria-label=\"Mehr \u00fcber Vernissage in Richterswil\" tabindex=\"-1\">\n\t\t\tWeiterlesen \u00bb\t\t<\/a>\n\n\t\t\t\t<\/div>\n\t\t\t\t<div class=\"elementor-post__meta-data\">\n\t\t\t\t\t<span class=\"elementor-post-date\">\n\t\t\tDezember 1, 2016\t\t<\/span>\n\t\t\t\t<\/div>\n\t\t\t\t\t<\/div>\n\t\t<\/article>\n\t\t\t\t<article class=\"elementor-post elementor-grid-item post-534 post type-post status-publish format-standard has-post-thumbnail hentry category-uncategorized\" role=\"listitem\">\n\t\t\t<div class=\"elementor-post__card\">\n\t\t\t\t<a class=\"elementor-post__thumbnail__link\" href=\"https:\/\/www.vonfuerstenberg.com\/index.php\/2016\/11\/25\/vernissage-in-muenchen\/\" tabindex=\"-1\"><div class=\"elementor-post__thumbnail\"><img loading=\"lazy\" decoding=\"async\" width=\"300\" height=\"298\" src=\"https:\/\/www.vonfuerstenberg.com\/wp-content\/uploads\/2024\/12\/gallery-art-grey-orange-300x298.webp\" class=\"attachment-medium size-medium wp-image-26\" alt=\"\" srcset=\"https:\/\/www.vonfuerstenberg.com\/wp-content\/uploads\/2024\/12\/gallery-art-grey-orange-300x298.webp 300w, https:\/\/www.vonfuerstenberg.com\/wp-content\/uploads\/2024\/12\/gallery-art-grey-orange-150x150.webp 150w, https:\/\/www.vonfuerstenberg.com\/wp-content\/uploads\/2024\/12\/gallery-art-grey-orange-768x763.webp 768w, https:\/\/www.vonfuerstenberg.com\/wp-content\/uploads\/2024\/12\/gallery-art-grey-orange.webp 900w\" sizes=\"(max-width: 300px) 100vw, 300px\" \/><\/div><\/a>\n\t\t\t\t<div class=\"elementor-post__text\">\n\t\t\t\t<h3 class=\"elementor-post__title\">\n\t\t\t<a href=\"https:\/\/www.vonfuerstenberg.com\/index.php\/2016\/11\/25\/vernissage-in-muenchen\/\">\n\t\t\t\tVernissage in M\u00fcnchen\t\t\t<\/a>\n\t\t<\/h3>\n\t\t\t\t<div class=\"elementor-post__excerpt\">\n\t\t\t<p>Reservieren Sie den 25. November 2016 f\u00fcr dieses gesellschaftliche Highlight:&nbsp;TovaLetto, M\u00fcnchens erste Adresse f\u00fcr textile Design Ideen rund um Tisch, Bett und Bad ist Gastgeber<\/p>\n\t\t<\/div>\n\t\t\n\t\t<a class=\"elementor-post__read-more\" href=\"https:\/\/www.vonfuerstenberg.com\/index.php\/2016\/11\/25\/vernissage-in-muenchen\/\" aria-label=\"Mehr \u00fcber Vernissage in M\u00fcnchen\" tabindex=\"-1\">\n\t\t\tWeiterlesen \u00bb\t\t<\/a>\n\n\t\t\t\t<\/div>\n\t\t\t\t<div class=\"elementor-post__meta-data\">\n\t\t\t\t\t<span class=\"elementor-post-date\">\n\t\t\tNovember 25, 2016\t\t<\/span>\n\t\t\t\t<\/div>\n\t\t\t\t\t<\/div>\n\t\t<\/article>\n\t\t\t\t<article class=\"elementor-post elementor-grid-item post-475 post type-post status-publish format-standard has-post-thumbnail hentry category-uncategorized\" role=\"listitem\">\n\t\t\t<div class=\"elementor-post__card\">\n\t\t\t\t<a class=\"elementor-post__thumbnail__link\" href=\"https:\/\/www.vonfuerstenberg.com\/index.php\/2016\/10\/16\/ueber-stephanies-malerei\/\" tabindex=\"-1\"><div class=\"elementor-post__thumbnail\"><img loading=\"lazy\" decoding=\"async\" width=\"300\" height=\"120\" src=\"https:\/\/www.vonfuerstenberg.com\/wp-content\/uploads\/2025\/01\/stephanies_malerei-300x120.jpg\" class=\"attachment-medium size-medium wp-image-476\" alt=\"\" srcset=\"https:\/\/www.vonfuerstenberg.com\/wp-content\/uploads\/2025\/01\/stephanies_malerei-300x120.jpg 300w, https:\/\/www.vonfuerstenberg.com\/wp-content\/uploads\/2025\/01\/stephanies_malerei.jpg 550w\" sizes=\"(max-width: 300px) 100vw, 300px\" \/><\/div><\/a>\n\t\t\t\t<div class=\"elementor-post__text\">\n\t\t\t\t<h3 class=\"elementor-post__title\">\n\t\t\t<a href=\"https:\/\/www.vonfuerstenberg.com\/index.php\/2016\/10\/16\/ueber-stephanies-malerei\/\">\n\t\t\t\t\u00dcber Stephanies Malerei\t\t\t<\/a>\n\t\t<\/h3>\n\t\t\t\t<div class=\"elementor-post__excerpt\">\n\t\t\t<p>\u00dcber die Malerei von STEPHANIE von F\u00dcRSTENBERG Stephanie von F\u00fcrstenbergs Gem\u00e4lde bezaubern uns mit ihrer Poesie aus leuchtenden Farben. \u201aZauberfl\u00f6te der Sterne\u2018, \u201aRigoletto\u2018 oder \u201aNebelsymphonien\u2018<\/p>\n\t\t<\/div>\n\t\t\n\t\t<a class=\"elementor-post__read-more\" href=\"https:\/\/www.vonfuerstenberg.com\/index.php\/2016\/10\/16\/ueber-stephanies-malerei\/\" aria-label=\"Mehr \u00fcber \u00dcber Stephanies Malerei\" tabindex=\"-1\">\n\t\t\tWeiterlesen \u00bb\t\t<\/a>\n\n\t\t\t\t<\/div>\n\t\t\t\t<div class=\"elementor-post__meta-data\">\n\t\t\t\t\t<span class=\"elementor-post-date\">\n\t\t\tOktober 16, 2016\t\t<\/span>\n\t\t\t\t<\/div>\n\t\t\t\t\t<\/div>\n\t\t<\/article>\n\t\t\t\t<article class=\"elementor-post elementor-grid-item post-921 post type-post status-publish format-standard has-post-thumbnail hentry category-uncategorized\" role=\"listitem\">\n\t\t\t<div class=\"elementor-post__card\">\n\t\t\t\t<a class=\"elementor-post__thumbnail__link\" href=\"https:\/\/www.vonfuerstenberg.com\/index.php\/2014\/09\/21\/ausstellung-bei-bmw\/\" tabindex=\"-1\"><div class=\"elementor-post__thumbnail\"><img loading=\"lazy\" decoding=\"async\" width=\"300\" height=\"189\" src=\"https:\/\/www.vonfuerstenberg.com\/wp-content\/uploads\/2025\/01\/bmw-ausstellung-300x189.webp\" class=\"attachment-medium size-medium wp-image-932\" alt=\"\" srcset=\"https:\/\/www.vonfuerstenberg.com\/wp-content\/uploads\/2025\/01\/bmw-ausstellung-300x189.webp 300w, https:\/\/www.vonfuerstenberg.com\/wp-content\/uploads\/2025\/01\/bmw-ausstellung-768x483.webp 768w, https:\/\/www.vonfuerstenberg.com\/wp-content\/uploads\/2025\/01\/bmw-ausstellung.webp 1000w\" sizes=\"(max-width: 300px) 100vw, 300px\" \/><\/div><\/a>\n\t\t\t\t<div class=\"elementor-post__text\">\n\t\t\t\t<h3 class=\"elementor-post__title\">\n\t\t\t<a href=\"https:\/\/www.vonfuerstenberg.com\/index.php\/2014\/09\/21\/ausstellung-bei-bmw\/\">\n\t\t\t\tAusstellung bei BMW\t\t\t<\/a>\n\t\t<\/h3>\n\t\t\t\t<div class=\"elementor-post__excerpt\">\n\t\t\t<p>Ausstellung bei BMW ab September 2014 bis Januar 2015.<\/p>\n\t\t<\/div>\n\t\t\n\t\t<a class=\"elementor-post__read-more\" href=\"https:\/\/www.vonfuerstenberg.com\/index.php\/2014\/09\/21\/ausstellung-bei-bmw\/\" aria-label=\"Mehr \u00fcber Ausstellung bei BMW\" tabindex=\"-1\">\n\t\t\tWeiterlesen \u00bb\t\t<\/a>\n\n\t\t\t\t<\/div>\n\t\t\t\t<div class=\"elementor-post__meta-data\">\n\t\t\t\t\t<span class=\"elementor-post-date\">\n\t\t\tSeptember 21, 2014\t\t<\/span>\n\t\t\t\t<\/div>\n\t\t\t\t\t<\/div>\n\t\t<\/article>\n\t\t\t\t<\/div>\n\t\t\n\t\t\t\t\t\t<\/div>\n\t\t\t\t<\/div>\n\t\t\t\t\t<\/div>\n\t\t\t\t<\/div>\n\t\t\t\t<\/div>\n\t\t","protected":false},"excerpt":{"rendered":"<p>News Erfahren Sie alles \u00fcber aktuelle Projekte, spannende Ausstellungen und kommende Veranstaltungen \u2013 bleiben Sie stets informiert \u00fcber die News &amp; Events von Stefany von F\u00fcrstenberg.<\/p>\n","protected":false},"author":1,"featured_media":0,"parent":0,"menu_order":0,"comment_status":"closed","ping_status":"closed","template":"","meta":{"footnotes":""},"class_list":["post-349","page","type-page","status-publish","hentry"],"_links":{"self":[{"href":"https:\/\/www.vonfuerstenberg.com\/index.php\/wp-json\/wp\/v2\/pages\/349","targetHints":{"allow":["GET"]}}],"collection":[{"href":"https:\/\/www.vonfuerstenberg.com\/index.php\/wp-json\/wp\/v2\/pages"}],"about":[{"href":"https:\/\/www.vonfuerstenberg.com\/index.php\/wp-json\/wp\/v2\/types\/page"}],"author":[{"embeddable":true,"href":"https:\/\/www.vonfuerstenberg.com\/index.php\/wp-json\/wp\/v2\/users\/1"}],"replies":[{"embeddable":true,"href":"https:\/\/www.vonfuerstenberg.com\/index.php\/wp-json\/wp\/v2\/comments?post=349"}],"version-history":[{"count":43,"href":"https:\/\/www.vonfuerstenberg.com\/index.php\/wp-json\/wp\/v2\/pages\/349\/revisions"}],"predecessor-version":[{"id":936,"href":"https:\/\/www.vonfuerstenberg.com\/index.php\/wp-json\/wp\/v2\/pages\/349\/revisions\/936"}],"wp:attachment":[{"href":"https:\/\/www.vonfuerstenberg.com\/index.php\/wp-json\/wp\/v2\/media?parent=349"}],"curies":[{"name":"wp","href":"https:\/\/api.w.org\/{rel}","templated":true}]}}